{"id":5890,"date":"2022-09-19T14:17:47","date_gmt":"2022-09-19T12:17:47","guid":{"rendered":"https:\/\/team-of-art.eu\/pedagogical_dossier\/couleur-et-profondeur\/"},"modified":"2023-01-27T12:14:48","modified_gmt":"2023-01-27T11:14:48","slug":"couleur-et-profondeur","status":"publish","type":"pedagogical_dossier","link":"https:\/\/team-of-art.eu\/fr\/pedagogical_dossier\/couleur-et-profondeur\/","title":{"rendered":"Couleur et profondeur"},"content":{"rendered":"\n<h1 class=\"wp-block-heading\">Introduction<\/h1>\n\n<p>Dans ce dossier, nous allons pr\u00e9senter le r\u00f4le des couleurs dans les \u0153uvres d&rsquo;art, introduire le concept de la th\u00e9orie des couleurs et le r\u00f4le des couleurs dans la cr\u00e9ation d&rsquo;un sens de la profondeur et de la perspective. Pour ce faire, dans la section th\u00e9matique de ce dossier, nous nous pencherons d&rsquo;abord sur les origines des couleurs, puis nous fournirons des informations compl\u00e8tes sur la th\u00e9orie des couleurs, en introduisant des concepts tels que la teinte, la valeur, la saturation, le contraste, etc. Enfin, nous pr\u00e9senterons les diff\u00e9rentes m\u00e9thodes permettant d&rsquo;utiliser les couleurs pour cr\u00e9er de la profondeur. <\/p>\n\n<p>Puis, dans la deuxi\u00e8me section de ce dossier, nous vous proposerons une s\u00e9rie d&rsquo;exemples d&rsquo;\u0153uvres d&rsquo;art utilisant ces techniques, ainsi que deux activit\u00e9s d\u00e9taill\u00e9es pour initier vos apprenants aux diff\u00e9rents concepts de ce dossier. <\/p>\n\n<p>Les objectifs de ce dossier sont les suivants : <\/p>\n\n<ul class=\"wp-block-list\">\n<li>D\u00e9couvrir comment nos yeux voient les couleurs,<\/li>\n\n\n\n<li>d\u00e9finir ce qu\u2019est la th\u00e9orie des couleurs,<\/li>\n\n\n\n<li>apprendre des techniques et des termes sp\u00e9cifiques li\u00e9s aux couleurs,<\/li>\n\n\n\n<li>comprendre comment les points susmentionn\u00e9s ont fa\u00e7onn\u00e9 la peinture \u00e0 travers l\u2019histoire,<\/li>\n\n\n\n<li>d\u00e9couvrir la signification des couleurs dans certaines situations,<\/li>\n\n\n\n<li>comprendre comment la couleur est utilis\u00e9e pour cr\u00e9er de la profondeur,<\/li>\n\n\n\n<li>s\u2019entra\u00eener \u00e0 utiliser la couleur pour cr\u00e9er un sentiment de profondeur.<\/li>\n<\/ul>\n\n<h1 class=\"wp-block-heading\">Le th\u00e8me<\/h1>\n\n<h2 class=\"wp-block-heading\">La nature du th\u00e8me<\/h2>\n\n<p>Qu&rsquo;est-ce que la couleur ? Qu&rsquo;est-ce que la profondeur ? Ce sont des questions auxquelles il peut \u00eatre facile de r\u00e9pondre, mais qui deviennent particuli\u00e8rement pertinentes dans le domaine de l&rsquo;art.<\/p>\n\n<p>Th\u00e9oriquement, la couleur est d\u00e9finie comme \u00ab\u00a0l&rsquo;aspect des choses qui est caus\u00e9 par les diff\u00e9rentes qualit\u00e9s de lumi\u00e8re qu&rsquo;elles refl\u00e8tent ou \u00e9mettent\u00a0\u00bb. Pour voir la couleur, il faut de la lumi\u00e8re. Lorsque de la lumi\u00e8re brille sur un objet, certaines couleurs rebondissent sur l&rsquo;objet et d&rsquo;autres sont absorb\u00e9es par celui-ci.\u00a0\u00bb  Mais la couleur est plus que la lumi\u00e8re et son reflet, elle est le principal outil d&rsquo;un artiste pour s&rsquo;exprimer, partager ses croyances ou transmettre un message. Les artistes utilisent leur connaissance de la couleur pour d\u00e9peindre l&rsquo;humeur, la lumi\u00e8re, la profondeur et le point de vue dans une \u0153uvre d&rsquo;art.<\/p>\n\n<p>Les couleurs ont 3 propri\u00e9t\u00e9s principales : <\/p>\n\n<ul class=\"wp-block-list\">\n<li><p>La\u00a0<strong>teinte<\/strong>\u00a0: La teinte fait r\u00e9f\u00e9rence \u00e0 la couleur elle-m\u00eame. Elle est distincte de toute autre couleur et repr\u00e9sente le nom que nous attribuons \u00e0 cette couleur, comme le bleu, le jaune et l\u2019indigo.<\/p><\/li>\n\n\n\n<li><p><strong>La valeur<\/strong>\u00a0: La valeur (ou luminosit\u00e9) est l\u2019obscurit\u00e9 ou la clart\u00e9 d\u2019une teinte. Lorsque des teintes sont m\u00e9lang\u00e9es avec du blanc, la couleur r\u00e9sultante aura une valeur plus claire appel\u00e9e\u00a0<strong>teintes<\/strong>. Lorsque les teintes sont m\u00e9lang\u00e9es avec la couleur noire, elles ont une valeur plus sombre appel\u00e9e\u00a0<strong>nuances<\/strong>. Les nombreuses valeurs d\u2019une teinte peuvent \u00eatre repr\u00e9sent\u00e9es sur un spectre de gradients ressemblant \u00e0 des \u00e9chantillons de peinture.<\/p><\/li>\n<\/ul>\n\n<ul class=\"wp-block-list\">\n<li><p><strong>Chroma ou saturation<\/strong>\u00a0: Le chroma d\u2019une couleur fait r\u00e9f\u00e9rence \u00e0 la puret\u00e9 de la couleur. Le chroma est li\u00e9 \u00e0 la\u00a0<strong>saturation<\/strong>, les couleurs \u00e0 haute teneur en chroma apparaissant plus brillantes et les couleurs \u00e0 faible teneur en chroma apparaissant plus ternes.<\/p><\/li>\n<\/ul>\n\n<figure class=\"wp-block-image size-full\"><img loading=\"lazy\" decoding=\"async\" width=\"230\" height=\"480\" src=\"https:\/\/team-of-art.eu\/wp-content\/uploads\/2022\/07\/image1.png\" alt=\"\" class=\"wp-image-4120\" srcset=\"https:\/\/team-of-art.eu\/wp-content\/uploads\/2022\/07\/image1.png 230w, https:\/\/team-of-art.eu\/wp-content\/uploads\/2022\/07\/image1-144x300.png 144w, https:\/\/team-of-art.eu\/wp-content\/uploads\/2022\/07\/image1-72x150.png 72w\" sizes=\"(max-width: 230px) 100vw, 230px\" \/><figcaption class=\"wp-element-caption\">(auteur: Mahlum; licence: CC-BY-SA-3.0-migrated; source: <a href=\"https:\/\/commons.wikimedia.org\/wiki\/File:ColorValue.jpg?uselang=fr\">Wikipedia<\/a>)<\/figcaption><\/figure>\n<figure class=\"wp-block-image size-full\"><img loading=\"lazy\" decoding=\"async\" width=\"800\" height=\"899\" src=\"https:\/\/team-of-art.eu\/wp-content\/uploads\/2022\/07\/image2.jpeg\" alt=\"\" class=\"wp-image-4126\" srcset=\"https:\/\/team-of-art.eu\/wp-content\/uploads\/2022\/07\/image2.jpeg 800w, https:\/\/team-of-art.eu\/wp-content\/uploads\/2022\/07\/image2-480x539.jpeg 480w\" sizes=\"(min-width: 0px) and (max-width: 480px) 480px, (min-width: 481px) 800px, 100vw\" \/><figcaption class=\"wp-element-caption\">(licence : CC-BY-SA-3.0-migrated; source: <a href=\"https:\/\/commons.wikimedia.org\/wiki\/File:Saturation_change_photoshop.jpg\">Wikipedia<\/a>)<\/figcaption><\/figure>\n<h3 class=\"wp-block-heading\">Th\u00e9orie des couleurs<\/h3>\n\n<p>Pour ma\u00eetriser pleinement l&rsquo;utilisation des couleurs, un artiste doit comprendre les bases de la <strong>th\u00e9orie des couleurs<\/strong>, un ensemble de directives pour m\u00e9langer, combiner et manipuler le spectre des couleurs.<\/p>\n\n<p>La th\u00e9orie des couleurs remonte \u00e0 l&rsquo;Antiquit\u00e9 et a \u00e9volu\u00e9 au fil du temps. De l&rsquo;enseignement d&rsquo;Aristote sur la fa\u00e7on dont le m\u00e9lange des couleurs peut en cr\u00e9er d&rsquo;autres, \u00e0 la th\u00e9orie des couleurs d&rsquo;Isaac Newton en passant par le r\u00f4le des couleurs primaires, le sujet a fait l&rsquo;objet de recherches et de d\u00e9bats importants.<\/p>\n\n<figure class=\"wp-block-image size-full\"><img loading=\"lazy\" decoding=\"async\" width=\"640\" height=\"492\" src=\"https:\/\/team-of-art.eu\/wp-content\/uploads\/2022\/07\/image3.jpeg\" alt=\"\" class=\"wp-image-4133\" srcset=\"https:\/\/team-of-art.eu\/wp-content\/uploads\/2022\/07\/image3.jpeg 640w, https:\/\/team-of-art.eu\/wp-content\/uploads\/2022\/07\/image3-480x369.jpeg 480w\" sizes=\"(min-width: 0px) and (max-width: 480px) 480px, (min-width: 481px) 640px, 100vw\" \/><figcaption class=\"wp-element-caption\"><em>Cercles de couleurs \u00e0 sept et douze couleurs de 1708, attribu\u00e9s \u00e0 Claude Boutet<\/em> (\u00a9 Domaine public; source: <a href=\"https:\/\/commons.wikimedia.org\/wiki\/File:Boutet_1708_color_circles.jpg\">Wikipedia<\/a>)<\/figcaption><\/figure>\n<p>La th\u00e9orie des couleurs la plus utilis\u00e9e aujourd&rsquo;hui repose sur la r\u00e8gle fondamentale selon laquelle trois couleurs ne peuvent \u00eatre obtenues en m\u00e9langeant d&rsquo;autres couleurs. Ces trois couleurs sont le <strong>rouge<\/strong>, le <strong>bleu<\/strong> et le <strong>jaune<\/strong>, et sont consid\u00e9r\u00e9es comme les <strong>couleurs primaires<\/strong>. Lorsqu&rsquo;elles sont m\u00e9lang\u00e9es, ces trois couleurs primaires peuvent former de nombreuses autres couleurs.<\/p>\n\n<p>Les <strong>couleurs secondaires<\/strong> sont le r\u00e9sultat du m\u00e9lange de deux couleurs primaires. Dans le mod\u00e8le de couleur traditionnel, les trois couleurs secondaires sont le vert (jaune plus bleu), l&rsquo;orange (jaune plus rouge) et le violet (rouge plus bleu).<\/p>\n\n<p>Ensuite, les <strong>couleurs tertiaires<\/strong> sont la combinaison d&rsquo;une couleur primaire avec une couleur secondaire. Il existe six couleurs tertiaires sur le cercle chromatique traditionnel : magenta (rouge-violet), vermillon (rouge-orange), ambre (jaune-orange), chartreuse (jaune-vert), sarcelle (bleu-vert) et violet (bleu-violet).<\/p>\n\n<figure class=\"wp-block-image size-large\"><img loading=\"lazy\" decoding=\"async\" width=\"1024\" height=\"1024\" src=\"https:\/\/team-of-art.eu\/wp-content\/uploads\/2022\/07\/image4bis-1024x1024.png\" alt=\"\" class=\"wp-image-4145\" srcset=\"https:\/\/team-of-art.eu\/wp-content\/uploads\/2022\/07\/image4bis-980x980.png 980w, https:\/\/team-of-art.eu\/wp-content\/uploads\/2022\/07\/image4bis-480x480.png 480w\" sizes=\"(min-width: 0px) and (max-width: 480px) 480px, (min-width: 481px) and (max-width: 980px) 980px, (min-width: 981px) 1024px, 100vw\" \/><figcaption class=\"wp-element-caption\">(auteur: Quark67; licence: CC-BY-SA-2.5; source: <a href=\"https:\/\/commons.wikimedia.org\/wiki\/File:Synthese-.svg\">Wikipedia<\/a>)<\/figcaption><\/figure>\n<h3 class=\"wp-block-heading\">Cr\u00e9er un contraste avec les couleurs<\/h3>\n\n<p>  Bien que les couleurs aient des teintes diff\u00e9rentes et puissent cr\u00e9er des contrastes diff\u00e9rents, certaines th\u00e9ories permettent de cr\u00e9er une peinture plus harmonieuse. <\/p>\n\n<figure class=\"wp-block-image size-large\"><img loading=\"lazy\" decoding=\"async\" width=\"1024\" height=\"1024\" src=\"https:\/\/team-of-art.eu\/wp-content\/uploads\/2022\/07\/image5bis-1024x1024.png\" alt=\"\" class=\"wp-image-4157\" srcset=\"https:\/\/team-of-art.eu\/wp-content\/uploads\/2022\/07\/image5bis-980x980.png 980w, https:\/\/team-of-art.eu\/wp-content\/uploads\/2022\/07\/image5bis-480x480.png 480w\" sizes=\"(min-width: 0px) and (max-width: 480px) 480px, (min-width: 481px) and (max-width: 980px) 980px, (min-width: 981px) 1024px, 100vw\" \/><figcaption class=\"wp-element-caption\">(\u00a9 Domaine public; source: <a href=\"https:\/\/commons.wikimedia.org\/wiki\/File:Farbkreis_Itten_1961.svg\">Wikipedia<\/a>)<\/figcaption><\/figure>\n<p>Les <strong>couleurs compl\u00e9mentaires<\/strong> sont des couleurs qui se situent \u00e0 l&rsquo;oppos\u00e9 l&rsquo;une de l&rsquo;autre sur la roue chromatique. Les couleurs compl\u00e9mentaires comprennent le bleu avec l&rsquo;orange, le rouge avec le vert et le jaune avec le violet. Les couleurs compl\u00e9mentaires contrastent fortement.<\/p>\n\n<p>Par exemple, dans <strong>Impression, Soleil levant de Claude Monet (1872)<\/strong>, un petit soleil orange et une lumi\u00e8re orange se refl\u00e8tent sur les nuages et l&rsquo;eau au centre d&rsquo;un paysage bleu brumeux. Cette peinture, avec son utilisation frappante des couleurs compl\u00e9mentaires que sont l&rsquo;orange et le bleu, est un parfait exemple de compl\u00e9mentarit\u00e9.<\/p>\n\n<figure class=\"wp-block-image size-full\"><img loading=\"lazy\" decoding=\"async\" width=\"972\" height=\"757\" src=\"https:\/\/team-of-art.eu\/wp-content\/uploads\/2022\/07\/image6.jpeg\" alt=\"\" class=\"wp-image-4163\" srcset=\"https:\/\/team-of-art.eu\/wp-content\/uploads\/2022\/07\/image6.jpeg 972w, https:\/\/team-of-art.eu\/wp-content\/uploads\/2022\/07\/image6-480x374.jpeg 480w\" sizes=\"(min-width: 0px) and (max-width: 480px) 480px, (min-width: 481px) 972px, 100vw\" \/><figcaption class=\"wp-element-caption\">(\u00a9 Domaine public; source: <a href=\"https:\/\/commons.wikimedia.org\/wiki\/File:Claude_Monet,_Impression,_soleil_levant.jpg\">Wikipedia<\/a>)<\/figcaption><\/figure>\n<p>Le bleu et l&rsquo;orange \u00e9taient une combinaison de couleurs tr\u00e8s populaire chez les impressionnistes. Ils \u00e9tudiaient la th\u00e9orie des couleurs et savaient que l&rsquo;orange plac\u00e9 \u00e0 c\u00f4t\u00e9 du bleu rendait les deux couleurs beaucoup plus lumineuses. Auguste Renoir peignait des bateaux avec des bandes de peinture orange chrom\u00e9 tout droit sorties du tube. Paul C\u00e9zanne utilisait un orange fait de touches de jaune, de rouge et d&rsquo;ocre sur un fond bleu.<\/p>\n\n<p>Vincent van Gogh appr\u00e9ciait particuli\u00e8rement cette technique ; il a m\u00eame cr\u00e9\u00e9 ses propres oranges avec des m\u00e9langes de jaune, d&rsquo;ocre et de rouge. Ci-dessous, <strong>Le semeur, 1888, de Vincent Van Gogh<\/strong>.<\/p>\n\n<figure class=\"wp-block-image size-full\"><img loading=\"lazy\" decoding=\"async\" width=\"1018\" height=\"809\" src=\"https:\/\/team-of-art.eu\/wp-content\/uploads\/2022\/07\/image7.jpeg\" alt=\"\" class=\"wp-image-4169\" srcset=\"https:\/\/team-of-art.eu\/wp-content\/uploads\/2022\/07\/image7.jpeg 1018w, https:\/\/team-of-art.eu\/wp-content\/uploads\/2022\/07\/image7-980x779.jpeg 980w, https:\/\/team-of-art.eu\/wp-content\/uploads\/2022\/07\/image7-480x381.jpeg 480w\" sizes=\"(min-width: 0px) and (max-width: 480px) 480px, (min-width: 481px) and (max-width: 980px) 980px, (min-width: 981px) 1018px, 100vw\" \/><figcaption class=\"wp-element-caption\">(\u00a9 Domaine public; source: <a href=\"https:\/\/commons.wikimedia.org\/wiki\/File:Vincent_van_Gogh_-_The_Sower_-_c._17-28_June_1888.jpg\">Wikipedia<\/a>)<\/figcaption><\/figure>\n<p>Alors que les couleurs compl\u00e9mentaires se situent \u00e0 l&rsquo;oppos\u00e9 du spectre des couleurs, les <strong>couleurs analogues<\/strong> se situent les unes \u00e0 c\u00f4t\u00e9 des autres sur le cercle chromatique. Elles comprennent le jaune associ\u00e9 \u00e0 la chartreuse et au vert ; le rouge associ\u00e9 au vermillon et \u00e0 l&rsquo;orange ; et le bleu associ\u00e9 \u00e0 la sarcelle et au violet. Les trois couleurs de chaque association partagent une teinte commune, de sorte qu&rsquo;elles semblent s&rsquo;accorder.<\/p>\n\n<p>Dans le tableau ci-dessous, <strong>Bassin aux nymph\u00e9as (1904) de Claude Monet<\/strong>, vous pouvez voir l&rsquo;utilisation de couleurs analogues et l&rsquo;utilisation de verts, de verts clairs, de bleus clairs et de touches de violet et plus encore.<\/p>\n\n<figure class=\"wp-block-image size-large\"><img loading=\"lazy\" decoding=\"async\" width=\"1024\" height=\"822\" src=\"https:\/\/team-of-art.eu\/wp-content\/uploads\/2022\/07\/image9-1024x822.jpeg\" alt=\"\" class=\"wp-image-4175\" srcset=\"https:\/\/team-of-art.eu\/wp-content\/uploads\/2022\/07\/image9-1024x822.jpeg 1024w, https:\/\/team-of-art.eu\/wp-content\/uploads\/2022\/07\/image9-980x786.jpeg 980w, https:\/\/team-of-art.eu\/wp-content\/uploads\/2022\/07\/image9-480x385.jpeg 480w\" sizes=\"(min-width: 0px) and (max-width: 480px) 480px, (min-width: 481px) and (max-width: 980px) 980px, (min-width: 981px) 1024px, 100vw\" \/><figcaption class=\"wp-element-caption\">(\u00a9 Domaine public; source: <a href=\"https:\/\/commons.wikimedia.org\/wiki\/File:Monet_-_Nen%C3%BAfares.jpg\">Wikipedia<\/a>)<\/figcaption><\/figure>\n<h3 class=\"wp-block-heading\">La temp\u00e9rature des couleurs : <\/h3>\n\n<p>Pour comprendre comment des couleurs peuvent cr\u00e9er de la profondeur, il est important de comprendre les diff\u00e9rentes temp\u00e9ratures que peuvent prendre les couleurs. La temp\u00e9rature fait r\u00e9f\u00e9rence \u00e0 la chaleur qu&rsquo;une couleur contient. Ces couleurs sont g\u00e9n\u00e9ralement identifi\u00e9es comme des couleurs chaudes ou froides. <\/p>\n\n<p>Les artistes divisent g\u00e9n\u00e9ralement la roue chromatique en deux, par le milieu. Ainsi, les rouges, les oranges et les jaunes sont g\u00e9n\u00e9ralement consid\u00e9r\u00e9s comme des couleurs <strong>chaudes<\/strong>, tandis que les bleus et les verts sont g\u00e9n\u00e9ralement consid\u00e9r\u00e9s comme des couleurs <strong>froides<\/strong>.<\/p>\n\n<p>\u00c0 l&rsquo;aide de peintures, voici des exemples de tons chauds et froids. <\/p>\n\n<p>Couleurs chaudes : Rouge, jaune, orange et autres tons similaires. <\/p>\n\n<figure class=\"wp-block-image size-full\"><img loading=\"lazy\" decoding=\"async\" width=\"800\" height=\"504\" src=\"https:\/\/team-of-art.eu\/wp-content\/uploads\/2022\/07\/image11.jpeg\" alt=\"\" class=\"wp-image-4182\" srcset=\"https:\/\/team-of-art.eu\/wp-content\/uploads\/2022\/07\/image11.jpeg 800w, https:\/\/team-of-art.eu\/wp-content\/uploads\/2022\/07\/image11-480x302.jpeg 480w\" sizes=\"(min-width: 0px) and (max-width: 480px) 480px, (min-width: 481px) 800px, 100vw\" \/><figcaption class=\"wp-element-caption\">Nature morte aux mangues, 1893 Paul Gauguin (\u00a9 Domaine public; source: <a href=\"https:\/\/www.wikiart.org\/en\/paul-gauguin\/still-life-with-mangoes\">Wikiart<\/a>)<\/figcaption><\/figure>\n<p>Couleurs froides : Bleu, vert, violet et autres tons similaires. <\/p>\n\n<figure class=\"wp-block-image size-full is-resized\"><img loading=\"lazy\" decoding=\"async\" src=\"https:\/\/team-of-art.eu\/wp-content\/uploads\/2022\/07\/image12.jpeg\" alt=\"\" class=\"wp-image-4188\" width=\"823\" height=\"522\" srcset=\"https:\/\/team-of-art.eu\/wp-content\/uploads\/2022\/07\/image12.jpeg 823w, https:\/\/team-of-art.eu\/wp-content\/uploads\/2022\/07\/image12-480x305.jpeg 480w\" sizes=\"(min-width: 0px) and (max-width: 480px) 480px, (min-width: 481px) 823px, 100vw\" \/><figcaption class=\"wp-element-caption\">Bateaux de p\u00eache, Key West &#8211; 1903, Winslow Homer (\u00a9 Domaine public; source: <a href=\"https:\/\/commons.wikimedia.org\/wiki\/File:Fishing_Boats,_Key_West_MET_ap10.228.1.jpg\">Wikipedia<\/a>)<\/figcaption><\/figure>\n<h3 class=\"wp-block-heading\">Couleur et profondeur :<\/h3>\n\n<p>Il existe de nombreuses m\u00e9thodes que les artistes peuvent utiliser pour cr\u00e9er de la profondeur dans une peinture. Selon l&rsquo;\u00e9poque, le style et les techniques de l&rsquo;artiste, la cr\u00e9ation d&rsquo;un sentiment de profondeur et de perspective peut varier consid\u00e9rablement d&rsquo;une peinture \u00e0 l&rsquo;autre. <\/p>\n\n<p>Alors, qu&rsquo;est-ce que la profondeur ? <\/p>\n\n<p>En art, la profondeur d\u00e9signe la distance per\u00e7ue entre l&rsquo;arri\u00e8re-plan et le premier plan d&rsquo;une composition. Elle peut \u00eatre compar\u00e9e \u00e0 la cr\u00e9ation de l&rsquo;illusion d&rsquo;un espace tridimensionnel sur une toile bidimensionnelle. Il existe un large \u00e9ventail d&rsquo;outils tels que la perspective, les lignes, les couleurs et les ombres qui peuvent cr\u00e9er l&rsquo;illusion de l&rsquo;espace et ajouter une couche de r\u00e9alit\u00e9.<\/p>\n\n<p>D\u00e8s lors, comment les artistes cr\u00e9ent-ils cette sensation de profondeur et de perspective en utilisant des couleurs ? La th\u00e9orie repose sur l&rsquo;id\u00e9e que les <strong>couleurs chaudes semblent plus proches du spectateur, tandis que les couleurs froides semblent plus \u00e9loign\u00e9es<\/strong>. L&rsquo;inverse est \u00e9galement vrai sur un fond blanc.<\/p>\n\n<p>En effet, les longueurs d&rsquo;onde des couleurs chaudes sont plus longues, de sorte que vos yeux les voient plus rapidement que les longueurs d&rsquo;onde plus courtes des couleurs froides.<\/p>\n\n<p>Cette technique est \u00e9galement appel\u00e9e perspective atmosph\u00e9rique ou perspective a\u00e9rienne. Ce proc\u00e9d\u00e9 utilise la modification de la valeur (teinte) pour cr\u00e9er la sensation de profondeur. En d&rsquo;autres termes : <\/p>\n\n<ul class=\"wp-block-list\">\n<li>Au fur et \u00e0 mesure que les objets s\u2019\u00e9loignent de l\u2019observateur : les valeurs sont moins contrast\u00e9es, les couleurs deviennent plus faibles et plus froides, et les d\u00e9tails deviennent moins distincts.<\/li>\n\n\n\n<li>Lorsque les objets s\u2019avancent et se rapprochent de l\u2019observateur : les valeurs sont plus contrast\u00e9es, les couleurs sont plus fortes et plus chaudes, et les d\u00e9tails deviennent plus nets.<\/li>\n<\/ul>\n\n<p>Pour cr\u00e9er ce type de perspective, les couleurs doivent \u00eatre modifi\u00e9es par les intensit\u00e9s chromatiques, les caract\u00e9ristiques des bords, les types de pinceaux et les d\u00e9tails, ainsi que la taille des touches de couleur dans l&rsquo;image.<\/p>\n\n<h3 class=\"wp-block-heading\">L&rsquo;intensit\u00e9 chromatique<\/h3>\n\n<p>Les degr\u00e9s d&rsquo;intensit\u00e9 chromatique (ou de luminosit\u00e9 d&rsquo;une couleur) peuvent donner l&rsquo;impression que des zones s&rsquo;avancent ou s&rsquo;\u00e9loignent visuellement par rapport \u00e0 d&rsquo;autres zones de couleur. Les couleurs plus froides ont tendance \u00e0 s&rsquo;effacer devant les couleurs moins froides. Les couleurs plus froides ont tendance \u00e0 s&rsquo;\u00e9loigner de celles qui sont plus chaudes. Les m\u00e9langes de couleurs qui contiennent plus de pigments blancs semblent s&rsquo;\u00e9loigner des couleurs qui sont plus pures et contiennent donc moins de pigments blancs. Dans le tableau ci-dessous, <strong>Lake George Reflection, 1921, de Georgia O&rsquo;Keeffe<\/strong>, vous pouvez voir que les couleurs les plus vives apparaissent fortes et lumineuses, tandis que les tons plus p\u00e2les s&rsquo;estompent et cr\u00e9ent une impression de profondeur, les couleurs devenant de plus en plus claires \u00e0 l&rsquo;horizon.<\/p>\n\n<p><em>Lake George Reflection de Georgia O&rsquo;Keeffe, 1921.<\/em> <em>This artwork is a <a href=\"https:\/\/www.christies.com\/en\/lot\/lot-5994696\">Property from the Collection of J.E. Safra<\/a>, therefore it cannot be used in this dossier. <\/em><\/p>\n\n<h3 class=\"wp-block-heading\">Les bords<\/h3>\n\n<p>Les bords d&rsquo;un trait de couleur ou d&rsquo;un objet de couleur seront mis en \u00e9vidence de mani\u00e8re plus efficace si les bords sont plus nets et plus clairs que ceux qui les entourent.<\/p>\n\n<p>Le concept g\u00e9n\u00e9ral est le suivant : des traits, des couleurs ou des marques plus nets, plus clairs et plus pr\u00e9cis sont mis en avant, tandis que des traits plus doux, moins d\u00e9finis et aux bords plus souples s&rsquo;\u00e9loignent en comparaison. Si l&rsquo;on associe cela \u00e0 la couleur, on peut dire que les couleurs qui ont des bords plus nets et des traits plus clairs se mettent en avant par rapport \u00e0 celles qui ont des bords plus flous et des traits moins clairs. Dans le tableau ci-dessous, <strong>Wanderer above the sea of fog, 1818, de Caspar David Friedrich<\/strong>, la roche sombre et solide ressort avec une intensit\u00e9 plus forte que les gris et les bleus insaisissables et l\u00e9gers de l&rsquo;arri\u00e8re-plan. La relation de bordure entre le premier plan et l&rsquo;arri\u00e8re-plan cr\u00e9e un fort sentiment de profondeur.<\/p>\n\n<figure class=\"wp-block-image size-large\"><img loading=\"lazy\" decoding=\"async\" width=\"800\" height=\"1024\" src=\"https:\/\/team-of-art.eu\/wp-content\/uploads\/2022\/07\/image15-800x1024.jpeg\" alt=\"\" class=\"wp-image-4200\"\/><figcaption class=\"wp-element-caption\">Wanderer above the Sea of Fog, Caspar David Friedrich, 1818 (\u00a9 Domaine public; source: <a href=\"https:\/\/en.wikipedia.org\/wiki\/File:Caspar_David_Friedrich_-_Wanderer_above_the_sea_of_fog.jpg\">Wikipedia<\/a>)<\/figcaption><\/figure>\n<h3 class=\"wp-block-heading\">\u00c9chelle et formes : <\/h3>\n\n<p>Les grandes touches de couleur sont g\u00e9n\u00e9ralement plus visibles que les petites. Les zones de couleur dont les formes et la taille sont plus claires et plus audacieuses rapprochent le premier plan de l&rsquo;observateur, tandis que les zones plus petites et plus l\u00e9g\u00e8res semblent s&rsquo;\u00e9loigner. Ces concepts sont particuli\u00e8rement utiles lorsque l&rsquo;artiste veut un premier plan, un milieu et un arri\u00e8re-plan forts et clairement d\u00e9finis.<\/p>\n\n<h2 class=\"wp-block-heading\">Contexte historique &#8211; une br\u00e8ve histoire des couleurs<\/h2>\n\n<p>Les couleurs ont \u00e9t\u00e9 m\u00e9lang\u00e9es pour la premi\u00e8re fois \u00e0 l&rsquo;aide de pigments tr\u00e8s naturels &#8211; une combinaison de terre, de graisse animale, de charbon de bois br\u00fbl\u00e9 et de craie &#8211; il y a 40 000 ans d\u00e9j\u00e0, cr\u00e9ant une palette de base de cinq couleurs : rouge, jaune, brun, noir et blanc. Depuis lors, de la Renaissance \u00e0 l&rsquo;impressionnisme, les couleurs ont \u00e9volu\u00e9 gr\u00e2ce aux explorations ou aux d\u00e9couvertes scientifiques et ont cr\u00e9\u00e9 des couleurs nouvelles et in\u00e9dites.<\/p>\n\n<p>Le rouge est l&rsquo;une des plus anciennes couleurs. Pr\u00e9sente dans les sols riches en fer, l&rsquo;ocre rouge est l&rsquo;un des plus anciens pigments utilis\u00e9s dans les grottes pr\u00e9historiques. Plus tard, au cours des 16e et 17e si\u00e8cles, un insecte (la cochenille) a \u00e9t\u00e9 utilis\u00e9 pour cr\u00e9er un colorant rouge.<\/p>\n\n<p>Le bleu \u00e9tait l&rsquo;une des couleurs les plus ch\u00e8res, car la pierre pr\u00e9cieuse dont il provenait ne pouvait \u00eatre trouv\u00e9e que dans une seule cha\u00eene de montagnes en Afghanistan. Consid\u00e9r\u00e9e comme un mat\u00e9riau pr\u00e9cieux, le prix de cette pierre pr\u00e9cieuse (le lapis-lazuli) \u00e9tait similaire \u00e0 celui de l&rsquo;or. Ce n&rsquo;est que dans les ann\u00e9es 1950 qu&rsquo;une version synth\u00e9tique du bleu outremer a \u00e9t\u00e9 cr\u00e9\u00e9e et que l&rsquo;utilisation de cette couleur s&rsquo;est d\u00e9mocratis\u00e9e. <\/p>\n\n<p>Le jaune n&rsquo;\u00e9tait pas une couleur tr\u00e8s populaire dans la peinture classique. Des artistes tels que J.M.W. Turner et Vincent van Gogh ont \u00e9t\u00e9 parmi les rares \u00e0 adopter cette couleur. J.M.W. Turner a souvent \u00e9t\u00e9 critiqu\u00e9 pour son utilisation du jaune, affirmant que ses peintures \u00ab\u00a0\u00e9taient atteintes de jaunisse\u00a0\u00bb. <\/p>\n\n<p>Les pigments verts, bien qu&rsquo;utilis\u00e9s pour \u00e9voquer la nature et le printemps, \u00e9taient parmi les plus toxiques de l&rsquo;histoire. Contenant de l&rsquo;arsenic, le vert de Sheele, un vert vif, est devenu instantan\u00e9ment populaire \u00e0 l&rsquo;\u00e9poque victorienne, malgr\u00e9 sa dangerosit\u00e9. Plus tard, le vert de Paris, une alternative plus durable utilisant un rodenticide et un insecticide, a \u00e9t\u00e9 utilis\u00e9 par Claude Monet, Paul Cezanne et Pierre-Auguste Renoir. Cette couleur \u00e9tait toujours tr\u00e8s toxique et pourrait \u00eatre responsable du diab\u00e8te de Cezanne et de la c\u00e9cit\u00e9 de Monet. <\/p>\n\n<p>Le violet \u00e9tait particuli\u00e8rement appr\u00e9ci\u00e9 des impressionnistes tels que Claude Monet. Il a d\u00e9clar\u00e9 un jour : \u00ab\u00a0J&rsquo;ai enfin d\u00e9couvert la vraie couleur de l&rsquo;atmosph\u00e8re. C&rsquo;est le violet. L&rsquo;air frais est violet\u00a0\u00bb. <\/p>\n\n<h2 class=\"wp-block-heading\">Contexte social et culturel &#8211; la signification des couleurs<\/h2>\n\n<p>Le symbolisme de la couleur dans l&rsquo;art fait r\u00e9f\u00e9rence \u00e0 l&rsquo;utilisation de la couleur comme symbole dans diverses cultures. Il existe une grande diversit\u00e9 dans l&rsquo;utilisation des couleurs et de leurs associations entre les cultures et m\u00eame au sein d&rsquo;une m\u00eame culture \u00e0 diff\u00e9rentes \u00e9poques. <\/p>\n\n<p>Le rouge est souvent associ\u00e9 \u00e0 l&rsquo;amour et \u00e0 la passion. Il peut \u00e9galement \u00eatre associ\u00e9 au danger et \u00e0 l&rsquo;avertissement (pensez aux \u00e9tiquettes, aux stops, aux feux rouges, etc.). Le rouge peut avoir un effet physique sur les gens, en augmentant la pression sanguine et la fr\u00e9quence respiratoire. <\/p>\n\n<p>L&rsquo;orange est une couleur tr\u00e8s vibrante et \u00e9nergique. Dans ses formes att\u00e9nu\u00e9es, il peut \u00eatre associ\u00e9 \u00e0 la terre et \u00e0 l&rsquo;automne. En raison de son association avec le changement des saisons, l&rsquo;orange peut repr\u00e9senter le changement et le mouvement en g\u00e9n\u00e9ral. L&rsquo;orange est \u00e9galement fortement associ\u00e9 \u00e0 la cr\u00e9ativit\u00e9.<\/p>\n\n<p>Le jaune est souvent consid\u00e9r\u00e9 comme la plus brillante et la plus \u00e9nergisante des couleurs chaudes. Il est associ\u00e9 au bonheur et au soleil. En France, le jaune peut \u00e9galement \u00eatre associ\u00e9 \u00e0 la tromperie et \u00e0 la l\u00e2chet\u00e9. <\/p>\n\n<p>Le vert est une couleur tr\u00e8s terre \u00e0 terre. Elle peut repr\u00e9senter les nouveaux d\u00e9parts et la croissance. Il signifie \u00e9galement le renouveau et l&rsquo;abondance. Par contre, le vert peut aussi repr\u00e9senter l&rsquo;envie ou la jalousie, ainsi qu&rsquo;un manque d&rsquo;exp\u00e9rience.<\/p>\n\n<p>Le bleu est souvent associ\u00e9 \u00e0 la tristesse dans la culture anglaise. La couleur bleue est \u00e9galement tr\u00e8s utilis\u00e9e pour repr\u00e9senter le calme et la responsabilit\u00e9. Les bleus clairs peuvent \u00eatre rafra\u00eechissants et amicaux. Les bleus fonc\u00e9s sont plus forts et plus fiables. Le bleu est \u00e9galement associ\u00e9 \u00e0 la paix et a des connotations spirituelles et religieuses dans de nombreuses cultures et traditions. <\/p>\n\n<p>Le violet est une combinaison de rouge et de bleu et poss\u00e8de certains attributs de ces deux couleurs. Il est \u00e9galement associ\u00e9 \u00e0 la cr\u00e9ativit\u00e9 et \u00e0 l&rsquo;imagination. Les colorants utilis\u00e9s pour cr\u00e9er des teintes violettes \u00e9taient extraits d&rsquo;escargots et \u00e9taient tr\u00e8s co\u00fbteux, de sorte que seuls les rois et les personnes tr\u00e8s riches pouvaient se les offrir. <\/p>\n\n<h1 class=\"wp-block-heading\">Approche p\u00e9dagogique<\/h1>\n\n<p>Il est important de comprendre la couleur et la profondeur pour comprendre l&rsquo;art dans son ensemble. Gr\u00e2ce aux couleurs, les artistes sont capables de transmettre du sens, d&rsquo;envoyer des messages \u00e0 leur public et de susciter des sentiments et des \u00e9motions. En utilisant les couleurs pour cr\u00e9er de la profondeur, ils sont en mesure de donner vie \u00e0 des images bidimensionnelles et de guider l&rsquo;\u0153il de l&rsquo;apprenant pour qu&rsquo;il puisse voir les d\u00e9tails, comprendre la perspective et ressentir plus de choses. <\/p>\n\n<h2 class=\"wp-block-heading\">Pourquoi ce th\u00e8me est-il pertinent pour les apprenants adultes ?<\/h2>\n\n<p>Ce th\u00e8me est particuli\u00e8rement pertinent pour les apprenants adultes car la th\u00e9orie des couleurs est un processus complexe et bien con\u00e7u qui peut \u00eatre analys\u00e9 \u00e0 travers la plupart des peintures. Dans tous les mus\u00e9es, expositions ou centres d&rsquo;art, les artistes ont utilis\u00e9 une sorte de sch\u00e9ma de couleurs pour cr\u00e9er de la profondeur. <\/p>\n\n<h2 class=\"wp-block-heading\">Quels sont les r\u00e9sultats d&rsquo;apprentissage de l&rsquo;int\u00e9gration de ce th\u00e8me artistique dans une activit\u00e9 \u00e9ducative ?<\/h2>\n\n<p>Les couleurs jouent un r\u00f4le crucial dans la cr\u00e9ation d&rsquo;une atmosph\u00e8re, l&rsquo;expression d&rsquo;un sentiment, la d\u00e9monstration d&rsquo;une expression et plus encore. Les couleurs sont les meilleurs outils dont disposent les peintres pour transmettre leur message. C&rsquo;est pourquoi il est important de comprendre les th\u00e9ories et les techniques qui sous-tendent l&rsquo;utilisation de ces couleurs pour comprendre une peinture dans son ensemble. <\/p>\n\n<h2 class=\"wp-block-heading\">Mode d&#8217;emploi : strat\u00e9gies, outils et techniques. <\/h2>\n\n<p>Les apprenants peuvent aborder la th\u00e9orie et la profondeur des couleurs par le biais de diff\u00e9rents outils, que ce soit par l&rsquo;analyse de peintures c\u00e9l\u00e8bres ou en travaillant eux-m\u00eames avec une palette de couleurs. <\/p>\n\n<h1 class=\"wp-block-heading\">\u0152uvres d&rsquo;art <\/h1>\n\n<h2 class=\"wp-block-heading\">\u0152uvre d&rsquo;art #1 La mort de Germanicus, Nicolas Poussin, 1627. <\/h2>\n\n<figure class=\"wp-block-image size-large is-resized\"><img loading=\"lazy\" decoding=\"async\" src=\"https:\/\/team-of-art.eu\/wp-content\/uploads\/2022\/07\/image16-1024x762.jpeg\" alt=\"\" class=\"wp-image-4206\" width=\"823\" height=\"612\"\/><figcaption class=\"wp-element-caption\">(\u00a9 Domaine public; source: <a href=\"https:\/\/commons.wikimedia.org\/wiki\/File:Nicolas_Poussin_-_The_Death_of_Germanicus_-_Google_Art_Project.jpg\">Wikipedia<\/a>)<\/figcaption><\/figure>\n<ul class=\"wp-block-list\">\n<li><p><strong>Rapport au th\u00e8me :<\/strong>\u00a0Cette peinture utilise les principales couleurs primaires de la roue chromatique. Remarquez les bleus, rouges et jaunes forts qui ressortent par rapport aux tons p\u00e2les et fonc\u00e9s de la peau et aux blancs.<\/p><\/li>\n\n\n\n<li><p><strong>Courte description :<\/strong> Le tableau repr\u00e9sente le jeune g\u00e9n\u00e9ral romain Germanicus sur son lit de mort, apr\u00e8s avoir \u00e9t\u00e9 empoisonn\u00e9 par l\u2019empereur Tib\u00e8re. La sc\u00e8ne montre Germanicus demandant \u00e0 ses amis de le venger tandis que sa femme se morfond. Il s\u2019agit d\u2019une repr\u00e9sentation de l\u2019h\u00e9ro\u00efsme et de la dignit\u00e9.<\/p><\/li>\n\n\n\n<li><p><strong>Emplacement et dimension europ\u00e9enne <\/strong>: Le tableau se trouve au Minneapolis Institute of Art, \u00e0 Minneapolis, MN, aux \u00c9tats-Unis. Il s\u2019agit de la premi\u00e8re grande peinture historique de Nicolas Poussin repr\u00e9sentant une sc\u00e8ne de mort. La composition, avec des personnages serr\u00e9s les uns contre les autres au premier plan, s\u2019inspire des reliefs des sarcophages romains. Poussin a pass\u00e9 beaucoup de temps \u00e0 Rome o\u00f9 il a d\u00e9velopp\u00e9 un style classique qui a fortement influenc\u00e9 l\u2019art italien et fran\u00e7ais par la suite.<\/p><\/li>\n\n\n\n<li><p><strong>Possible exploitation p\u00e9dagogique <\/strong>: La Mort de Germanicus est un tableau assez ancien ; il date de 1627. Il peut donc \u00eatre int\u00e9ressant de voir si les couleurs, notamment les bleus, avaient une signification particuli\u00e8re dans la repr\u00e9sentation du tableau. Les diff\u00e9rentes couleurs repr\u00e9sentent-elles des arm\u00e9es diff\u00e9rentes ? Vous pouvez introduire la signification du bleu aux apprenants pour mieux comprendre la structure du pouvoir dans la peinture.<\/p><\/li>\n<\/ul>\n\n<h2 class=\"wp-block-heading\">\u0152uvre d&rsquo;art #2 La raie verte, Henri Matisse, 1905 <\/h2>\n\n<h2 class=\"wp-block-heading\">\u00a0<\/h2>\n\n<figure class=\"wp-block-image size-full\"><img loading=\"lazy\" decoding=\"async\" width=\"855\" height=\"1024\" src=\"https:\/\/team-of-art.eu\/wp-content\/uploads\/2022\/07\/image17bis.jpeg\" alt=\"\" class=\"wp-image-4212\" srcset=\"https:\/\/team-of-art.eu\/wp-content\/uploads\/2022\/07\/image17bis.jpeg 855w, https:\/\/team-of-art.eu\/wp-content\/uploads\/2022\/07\/image17bis-480x575.jpeg 480w\" sizes=\"(min-width: 0px) and (max-width: 480px) 480px, (min-width: 481px) 855px, 100vw\" \/><figcaption class=\"wp-element-caption\">(auteur: Jean Louis Mazieres; licence: CC BY-NC-SA 2.0; source: <a href=\"https:\/\/www.flickr.com\/photos\/mazanto\/44479515012\">Flickr<\/a>)<\/figcaption><\/figure>\n<ul class=\"wp-block-list\">\n<li><p><strong>Rapport au th\u00e8me<\/strong> : Cette peinture montre l\u2019utilisation des couleurs compl\u00e9mentaires (rouge et vert) sur la roue chromatique.<\/p><\/li>\n\n\n\n<li><p><strong>Courte description<\/strong> : Ce tableau est un portrait de la femme de Matisse, Am\u00e9lie Noellie Matisse-Parayre. C\u2019est une peinture \u00e0 l\u2019huile sur toile, et elle a \u00e9t\u00e9 nomm\u00e9e la Raie verte pour la ligne qui divise son visage en deux. Matisse a voulu cr\u00e9er une sensation de lumi\u00e8re, d\u2019ombre et de volume sans utiliser d\u2019ombres traditionnelles.<\/p><\/li>\n\n\n\n<li><p><strong>Emplacement et dimension europ\u00e9enne<\/strong> : La peinture d\u2019Henri Matisse a choqu\u00e9 \u00e0 l\u2019\u00e9poque, car elle brisait les conventions. Des \u0153uvres telles que la sienne ont marqu\u00e9 le d\u00e9but d\u2019un mouvement appel\u00e9 \u00ab Les Fauves \u00bb. Le fauvisme mettait l\u2019accent sur les couleurs fortes plut\u00f4t que sur les valeurs r\u00e9alistes. Le tableau se trouve \u00e0 Copenhague, au Statens Museum for Kunst.<\/p><\/li>\n\n\n\n<li>&#13;\n<strong>Possible exploitation p\u00e9dagogique<\/strong> : Les couleurs \u00e9taient d\u2019une importance capitale pour les Fauves. Explorez avec vos apprenants comment ils ont utilis\u00e9 les couleurs pour se d\u00e9marquer des styles plus traditionnels de leurs pr\u00e9d\u00e9cesseurs, les impressionnistes.<\/li>\n<\/ul>\n\n<h2 class=\"wp-block-heading\">\u0152uvre d&rsquo;art #3 Impression, Soleil levant, Claude Monet, 1872<\/h2>\n\n<figure class=\"wp-block-image size-full\"><img loading=\"lazy\" decoding=\"async\" width=\"972\" height=\"757\" src=\"https:\/\/team-of-art.eu\/wp-content\/uploads\/2022\/07\/image6.jpeg\" alt=\"\" class=\"wp-image-4163\" srcset=\"https:\/\/team-of-art.eu\/wp-content\/uploads\/2022\/07\/image6.jpeg 972w, https:\/\/team-of-art.eu\/wp-content\/uploads\/2022\/07\/image6-480x374.jpeg 480w\" sizes=\"(min-width: 0px) and (max-width: 480px) 480px, (min-width: 481px) 972px, 100vw\" \/><figcaption class=\"wp-element-caption\">(\u00a9 Domaine public; source: <a href=\"https:\/\/commons.wikimedia.org\/wiki\/File:Claude_Monet,_Impression,_soleil_levant.jpg\">Wikipedia<\/a>)<\/figcaption><\/figure>\n<ul class=\"wp-block-list\">\n<li><strong>Rapport au th\u00e8me<\/strong> : Cette peinture de Monet utilise les couleurs compl\u00e9mentaires bleu et orange pour montrer son paysage. Ce tableau utilise \u00e9galement les techniques int\u00e9ressantes des bordures douces et de la perspective a\u00e9rienne pour cr\u00e9er de la profondeur.<\/li>\n\n\n\n<li><strong>Courte description<\/strong> : Impression, Soleil levant, a \u00e9t\u00e9 cr\u00e9\u00e9 \u00e0 partir d\u2019une sc\u00e8ne dans le port du Havre. Monet d\u00e9peint une brume, qui fournit un arri\u00e8re-plan brumeux \u00e0 la pi\u00e8ce situ\u00e9e dans le port fran\u00e7ais. Les teintes orang\u00e9es et jaunes contrastent bien avec les bateaux sombres, dont peu de d\u00e9tails, voire aucun, sont visibles pour le public.<\/li>\n\n\n\n<li><strong>Emplacement et dimension europ\u00e9enne<\/strong> : Le tableau Impression Soleil levant a \u00e9t\u00e9 pr\u00e9sent\u00e9 pour la premi\u00e8re fois lors d\u2019une exposition qui allait devenir l&rsquo; \u00bbExposition des impressionnistes \u00bb. \u00c0 l\u2019origine, le terme impressionniste \u00e9tait utilis\u00e9 de mani\u00e8re d\u00e9pr\u00e9ciative, mais Monet et ses coll\u00e8gues artistes l\u2019ont adopt\u00e9 comme nom de drapeau de leur mouvement. Le tableau se trouve aujourd\u2019hui au Mus\u00e9e Marmottan Monet \u00e0 Paris.&#13;\n&#13;\nCourte description: Impression, Soleil levant, a \u00e9t\u00e9 cr\u00e9\u00e9 \u00e0 partir d\u2019une sc\u00e8ne dans le port du Havre. Monet d\u00e9peint une brume, qui fournit un arri\u00e8re-plan brumeux \u00e0 la pi\u00e8ce situ\u00e9e dans le port fran\u00e7ais. Les teintes orang\u00e9es et jaunes contrastent bien avec les bateaux sombres, dont peu de d\u00e9tails, voire aucun, sont visibles pour le public.&#13;\nEmplacement et dimension europ\u00e9enne: Le tableau Impression Soleil levant a \u00e9t\u00e9 pr\u00e9sent\u00e9 pour la premi\u00e8re fois lors d\u2019une exposition qui allait devenir l&rsquo; \u00bbExposition des impressionnistes \u00bb. \u00c0 l\u2019origine, le terme impressionniste \u00e9tait utilis\u00e9 de mani\u00e8re d\u00e9pr\u00e9ciative, mais Monet et ses coll\u00e8gues artistes l\u2019ont adopt\u00e9 comme nom de drapeau de leur mouvement. Le tableau se trouve aujourd\u2019hui au Mus\u00e9e Marmottan Monet \u00e0 Paris.<\/li>\n\n\n\n<li><strong>Possible exploitation p\u00e9dagogique<\/strong> : Le tableau ci-dessus est un tableau important d\u2019un point de vue historique. Il est consid\u00e9r\u00e9 comme la premi\u00e8re repr\u00e9sentation d\u2019un style pictural \u00ab impressionniste \u00bb ; il a donn\u00e9 son nom au mouvement. Vous pouvez explorer avec vos \u00e9l\u00e8ves la fa\u00e7on dont la peinture a \u00e9t\u00e9 re\u00e7ue et comment elle a inspir\u00e9 les artistes \u00e0 adopter des techniques de peinture similaires.<\/li>\n<\/ul>\n\n<h2 class=\"wp-block-heading\">\u0152uvre d&rsquo;art #4 Femme aux cheveux jaunes, Pablo Picasso, 1931 <\/h2>\n\n<p><em>Cette oeuvre est sous licence d\u00e9tenue par \u00a9The Estate of Pablo Picasso \/ Artists Rights Society (ARS), New York, c&rsquo;est pourquoi elle ne peut pas \u00eatre utilis\u00e9e dans ce dossier. L&rsquo;oeuvre originale peut \u00eatre vue au <a href=\"https:\/\/www.guggenheim.org\/artwork\/3445\">Guggenheim Museum <\/a>in New York, USA.<\/em><\/p>\n\n<ul class=\"wp-block-list\">\n<li><strong>Rapport au th\u00e8me<\/strong> : Cette peinture est une repr\u00e9sentation des couleurs compl\u00e9mentaires violet et jaune, ainsi que vert et rouge.<\/li>\n\n\n\n<li><strong>Courte description<\/strong> : Cette peinture de Picasso repr\u00e9sente un portrait de son amante secr\u00e8te Marie-Th\u00e9r\u00e8se Walter. Elle \u00e9tait blonde et fut la muse de Picasso pendant de nombreuses ann\u00e9es.<\/li>\n\n\n\n<li>Emplacement et dimension europ\u00e9enne : Le style de Picasso a chang\u00e9 dans les ann\u00e9es 1925-30, \u00e0 partir de la fin du cubisme, l\u2019art de Picasso a \u00e9volu\u00e9 vers un style plus sensuel, biomorphique qui a \u00e9t\u00e9 c\u00e9l\u00e9br\u00e9 dans le tableau de sa ma\u00eetresse. Il voulait repr\u00e9senter son corps voluptueux et ses boucles avec cette peinture. La fa\u00e7on dont il a model\u00e9 son visage est \u00e9galement devenue une signature de ses \u0153uvres d\u2019art ult\u00e9rieures, apparaissant dans des sculptures, des gravures et autres.&#13;\nLe tableau est actuellement expos\u00e9 au Solomon R. Guggenheim Museum, \u00e0 New York, aux \u00c9tats-Unis.<\/li>\n<\/ul>\n\n<p>Le tableau est actuellement expos\u00e9 au Solomon R. Guggenheim Museum, \u00e0 New York, aux \u00c9tats-Unis.<\/p>\n\n<ul class=\"wp-block-list\">\n<li><strong>Possible exploitation p\u00e9dagogique<\/strong> : La phase pr\u00e9c\u00e9dente de Picasso \u00e9tait la c\u00e9l\u00e8bre phase du cubisme. Vous pouvez d\u00e9couvrir avec vos apprenants les diff\u00e9rences frappantes entre les couleurs et la forme droites, presque s\u00e9v\u00e8res, qu\u2019il utilisait auparavant, en comparaison avec la forme corporelle, douce et arrondie qu\u2019inspire le tableau ci-dessus.<\/li>\n<\/ul>\n\n<h2 class=\"wp-block-heading\">\u0152uvre d&rsquo;art #5 Les oliviers, Vincent Van Gogh, 1889 <\/h2>\n\n<figure class=\"wp-block-image size-large\"><img loading=\"lazy\" decoding=\"async\" width=\"1024\" height=\"815\" src=\"https:\/\/team-of-art.eu\/wp-content\/uploads\/2022\/07\/image21-1024x815.jpeg\" alt=\"\" class=\"wp-image-4225\" srcset=\"https:\/\/team-of-art.eu\/wp-content\/uploads\/2022\/07\/image21-1024x815.jpeg 1024w, https:\/\/team-of-art.eu\/wp-content\/uploads\/2022\/07\/image21-980x780.jpeg 980w, https:\/\/team-of-art.eu\/wp-content\/uploads\/2022\/07\/image21-480x382.jpeg 480w\" sizes=\"(min-width: 0px) and (max-width: 480px) 480px, (min-width: 481px) and (max-width: 980px) 980px, (min-width: 981px) 1024px, 100vw\" \/><figcaption class=\"wp-element-caption\">(\u00a9 Domaine public; source: <a href=\"https:\/\/commons.wikimedia.org\/wiki\/File:Van_Gogh_The_Olive_Trees..jpg\">Wikipedia<\/a>)<\/figcaption><\/figure>\n<ul class=\"wp-block-list\">\n<li><strong>Rapport au th\u00e8me<\/strong> : Cette peinture utilise la technique des couleurs analogues (bleus, verts, etc.), situ\u00e9es les unes \u00e0 c\u00f4t\u00e9 des autres sur le cercle chromatique.&#13;\nCourte description: Le tableau repr\u00e9sente des champs d\u2019oliviers dans la r\u00e9gion de Saint-Remy, dans le sud de la France. Pour Van Gogh, ces arbres ont une signification particuli\u00e8re, car ils repr\u00e9sentent la vie, le divin et le cycle de la vie.<\/li>\n\n\n\n<li><strong>Courte description<\/strong> : Le tableau repr\u00e9sente des champs d\u2019oliviers dans la r\u00e9gion de Saint-Remy, dans le sud de la France. Pour Van Gogh, ces arbres ont une signification particuli\u00e8re, car ils repr\u00e9sentent la vie, le divin et le cycle de la vie.<\/li>\n\n\n\n<li><strong>Emplacement et dimension europ\u00e9enne:<\/strong> Avant la s\u00e9rie des Oliviers, l&rsquo;\u0153uvre de Van Gogh \u00e9tait plus terne et plus sombre. Apr\u00e8s avoir rencontr\u00e9 des artistes tels que Degas et Seurat, qui \u00e9taient de fins techniciens des couleurs, Van Gogh lui-m\u00eame a commenc\u00e9 \u00e0 submerger sa peinture de couleurs, au point de l&rsquo;appeler parfois \u00ab\u00a0expressionnisme\u00a0\u00bb.<\/li>\n<\/ul>\n\n<p>Le tableau est aujourd&rsquo;hui expos\u00e9 au Mus\u00e9e d&rsquo;art moderne de New York, aux \u00c9tats-Unis.<\/p>\n\n<ul class=\"wp-block-list\">\n<li><strong>Possible exploitation p\u00e9dagogique<\/strong> : Il existe au moins 15 peintures d\u2019oliviers r\u00e9alis\u00e9es par Van Gogh \u00e0 cette \u00e9poque. Explorez quelques-unes des plus c\u00e9l\u00e8bres, d\u00e9couvrez comment son s\u00e9jour dans un asile fran\u00e7ais a fa\u00e7onn\u00e9 son style et apprenez ses techniques uniques.<\/li>\n<\/ul>\n\n<h2 class=\"wp-block-heading\">\u0152uvre d&rsquo;art #6 La Jeune Fille \u00e0 la perle, Johannes Vermeer, 1665<\/h2>\n\n<figure class=\"wp-block-image size-full\"><img loading=\"lazy\" decoding=\"async\" width=\"689\" height=\"807\" src=\"https:\/\/team-of-art.eu\/wp-content\/uploads\/2022\/07\/image23.jpeg\" alt=\"\" class=\"wp-image-4237\" srcset=\"https:\/\/team-of-art.eu\/wp-content\/uploads\/2022\/07\/image23.jpeg 689w, https:\/\/team-of-art.eu\/wp-content\/uploads\/2022\/07\/image23-480x562.jpeg 480w\" sizes=\"(min-width: 0px) and (max-width: 480px) 480px, (min-width: 481px) 689px, 100vw\" \/><figcaption class=\"wp-element-caption\">(\u00a9 Domaine public; source: <a href=\"https:\/\/commons.wikimedia.org\/wiki\/File:1665_Girl_with_a_Pearl_Earring.jpg\">Wikipedia<\/a>)<\/figcaption><\/figure>\n<ul class=\"wp-block-list\">\n<li><strong>Rapport au th\u00e8me<\/strong> : La Jeune fille \u00e0 la perle est un chef-d\u2019\u0153uvre de couleur, de profondeur et d\u2019intimit\u00e9. Gr\u00e2ce \u00e0 l\u2019utilisation d\u2019un fond sombre, le sujet se d\u00e9tache clairement, tandis que l\u2019utilisation de couleurs plus claires pour son visage contraste avec le ton plus sombre du reste du sujet. Le rouge, une couleur chaude, est utilis\u00e9 uniquement sur ses l\u00e8vres, ce qui attire davantage l\u2019attention sur son visage et son regard myst\u00e9rieux.<\/li>\n\n\n\n<li>&#13;\n<strong>Courte description<\/strong> : Le tableau de Vermeer est une tronie (une \u00e9tude de caract\u00e8re et non un portrait strict) d\u2019une jeune fille. Nous ne savons pas qui est cette jeune fille, mais Vermeer lui a donn\u00e9 une apparence \u00ab exotique \u00bb en lui faisant porter un foulard, un article de mode peu utilis\u00e9 aux Pays-Bas \u00e0 l\u2019\u00e9poque.<\/li>\n\n\n\n<li>&#13;\nEmplacement et dimension europ\u00e9enne : Cette \u0153uvre d\u2019art a fait l\u2019objet d\u2019\u00e9tudes approfondies au fil des ans. En 1994, on a d\u00e9couvert que le fond \u00e9tait \u00e0 l\u2019origine un vert glac\u00e9 fonc\u00e9 et non pas noir. En 2018, alors que beaucoup supposaient que la fille \u00e9tait une fiction de l\u2019imagination, l\u2019\u00e9tude a montr\u00e9 qu\u2019il peignait une personne r\u00e9elle. La Jeune fille \u00e0 la perle a \u00e9galement eu un impact sur de nombreuses repr\u00e9sentations culturelles, du cin\u00e9ma \u00e0 l\u2019art de rue.<\/li>\n<\/ul>\n\n<figure class=\"wp-block-image size-large\"><img loading=\"lazy\" decoding=\"async\" width=\"670\" height=\"1024\" src=\"https:\/\/team-of-art.eu\/wp-content\/uploads\/2022\/07\/image24bis-670x1024.jpeg\" alt=\"\" class=\"wp-image-4243\"\/><figcaption class=\"wp-element-caption\">Banksy, 2014 (auteur: Mojo0306; licence: CC-BY-4.0; source: <a href=\"https:\/\/commons.wikimedia.org\/wiki\/File:The_Girl_with_the_Pierced_Eardrum.jpg\">Wikipedia<\/a>)<\/figcaption><\/figure>\n<p>L&rsquo;\u0153uvre est expos\u00e9e \u00e0 la Mauritshuis, \u00e0 La Haye, aux Pays-Bas. <\/p>\n\n<ul class=\"wp-block-list\">\n<li>Possible exploitation p\u00e9dagogique : Vermeer avait un style unique car il n\u2019a pas produit de grandes quantit\u00e9s de peintures. Vous pouvez comparer ces tronies \u00e0 ses peintures de genre et de style de vie, pour comprendre tout son panel d\u2019art.<\/li>\n<\/ul>\n\n<h2 class=\"wp-block-heading\">\u0152uvre d&rsquo;art #7 Le d\u00e9clin de l&#8217;empire carthaginois, J.M.W Turner, 1817<\/h2>\n\n<figure class=\"wp-block-image size-large\"><img loading=\"lazy\" decoding=\"async\" width=\"1024\" height=\"727\" src=\"https:\/\/team-of-art.eu\/wp-content\/uploads\/2022\/07\/image25-1024x727.jpeg\" alt=\"\" class=\"wp-image-4249\" srcset=\"https:\/\/team-of-art.eu\/wp-content\/uploads\/2022\/07\/image25-980x696.jpeg 980w, https:\/\/team-of-art.eu\/wp-content\/uploads\/2022\/07\/image25-480x341.jpeg 480w\" sizes=\"(min-width: 0px) and (max-width: 480px) 480px, (min-width: 481px) and (max-width: 980px) 980px, (min-width: 981px) 1024px, 100vw\" \/><figcaption class=\"wp-element-caption\">(\u00a9 Domaine public; source: <a href=\"https:\/\/commons.wikimedia.org\/wiki\/File:Joseph_Mallord_William_Turner_-_The_Decline_of_the_Carthaginian_Empire_-_WGA23169.jpg\">Wikipedia<\/a>)<\/figcaption><\/figure>\n<ul class=\"wp-block-list\">\n<li><strong>Rapport au th\u00e8me<\/strong> : L\u2019utilisation de couleurs chaudes pour cr\u00e9er l\u2019impression de soleil couchant est tr\u00e8s d\u00e9licate. En outre, l\u2019utilisation de couleurs plus froides d\u00e9clinant en teintes des coins vers les ext\u00e9rieurs contribue \u00e0 cr\u00e9er cette sensation. La ville est dans des nuances d\u2019orange, qui sont compl\u00e9mentaires du bleu. La technique consistant \u00e0 utiliser des couleurs plus sombres au premier plan et des couleurs plus claires \u00e0 l\u2019arri\u00e8re-plan renforce \u00e9galement la sensation de profondeur.<\/li>\n\n\n\n<li>&#13;\n<strong>Courte description<\/strong> : Cette peinture repr\u00e9sente le d\u00e9clin de Carthage, l\u2019empire d\u2019Afrique du Nord, qui \u00e9tait le plus puissant avant l\u2019av\u00e8nement de la Rome antique. Le d\u00e9clin est symbolis\u00e9 par le soleil couchant, que Turner consid\u00e8re comme in\u00e9vitable.<\/li>\n\n\n\n<li><strong>Emplacement et dimension europ\u00e9enne<\/strong> : J.M.W. Turner \u00e9tait, probablement, l\u2019un des peintres britanniques les plus prolifiques de son temps. Son utilisation des couleurs, de la lumi\u00e8re et de l\u2019atmosph\u00e8re est bien connue. Pour cette \u0153uvre, Turner a utilis\u00e9 les techniques des \u00ab ma\u00eetres anciens \u00bb, en particulier celles de Claude Lorrain. Il aimait tellement l\u2019\u0153uvre de Claude Lorrain qu\u2019il a demand\u00e9 \u00e0 ce que le tableau soit accroch\u00e9 pr\u00e8s des \u0153uvres de son homologue apr\u00e8s sa mort.<\/li>\n<\/ul>\n\n<p>Le tableau se trouve actuellement au Tate Museum, \u00e0 Londres, au Royaume-Uni. <\/p>\n\n<ul class=\"wp-block-list\">\n<li><strong>Possible exploitation p\u00e9dagogique<\/strong> : Vous pouvez explorer comment Turner a utilis\u00e9 des tons plus ternes, plus clairs et plus doux pour cr\u00e9er une belle sensation de profondeur \u00e0 l\u2019arri\u00e8re-plan alors que le soleil se couche. Il a utilis\u00e9 diff\u00e9rentes techniques, telles que le contraste des couleurs, l\u2019intensit\u00e9 chromatique et la relation des bords pour y parvenir.<\/li>\n<\/ul>\n\n<h2 class=\"wp-block-heading\">\u0152uvre d&rsquo;art #8 Le pont de Charing Cross, Andre Derain, 1906<\/h2>\n\n<ul class=\"wp-block-list\">\n<li><strong>Rapport au th\u00e8me<\/strong> : Cette peinture utilise des couleurs tr\u00e8s satur\u00e9es, ainsi que des techniques de couleurs compl\u00e9mentaires.<\/li>\n\n\n\n<li>&#13;\n<strong>Courte description<\/strong> : Andr\u00e9 Derain a peint en hiver le \u00ab Pont de Charing Cross \u00bb, un c\u00e9l\u00e8bre pont de Londres, en Angleterre. La peinture montre la Tamise, ainsi que la brasserie Lion\u2019s (sur la gauche).<\/li>\n\n\n\n<li><strong>Emplacement et dimension europ\u00e9enne<\/strong> : Derain \u00e9tait une figure cl\u00e9 du mouvement fauviste, qui utilisait des couleurs fortes et des images hautement satur\u00e9es comme signature principale (en plus des traits audacieux). Les peintures fauves \u00e9taient imaginatives et audacieuses. Ils n\u2019utilisaient pas les normes des artistes typiques.<\/li>\n<\/ul>\n\n<p>Elle est aujourd&rsquo;hui expos\u00e9e \u00e0 la National Gallery of Art, \u00e0 Washington, aux \u00c9tats-Unis. <\/p>\n\n<ul class=\"wp-block-list\">\n<li><strong>Possible exploitation p\u00e9dagogique<\/strong> : La peinture ci-dessus est issue du mouvement fauviste. Vous pouvez d\u00e9couvrir avec votre classe comment la taille et la forme des coups de pinceau affectent notre fa\u00e7on de voir et de nous concentrer sur des aspects sp\u00e9cifiques de la peinture.<\/li>\n<\/ul>\n\n<h2 class=\"wp-block-heading\">\u0152uvre d&rsquo;art #9 Terrasse du caf\u00e9 le soir, Vincent van Gogh, 1888<\/h2>\n\n<figure class=\"wp-block-image size-large\"><img loading=\"lazy\" decoding=\"async\" width=\"780\" height=\"1024\" src=\"https:\/\/team-of-art.eu\/wp-content\/uploads\/2022\/07\/image27-780x1024.jpeg\" alt=\"\" class=\"wp-image-4255\" srcset=\"https:\/\/team-of-art.eu\/wp-content\/uploads\/2022\/07\/image27-780x1024.jpeg 780w, https:\/\/team-of-art.eu\/wp-content\/uploads\/2022\/07\/image27-480x630.jpeg 480w\" sizes=\"(min-width: 0px) and (max-width: 480px) 480px, (min-width: 481px) 780px, 100vw\" \/><figcaption class=\"wp-element-caption\">(\u00a9 Domaine public; source: <a href=\"https:\/\/commons.wikimedia.org\/wiki\/File:Vincent_Willem_van_Gogh_-_Cafe_Terrace_at_Night_(Yorck).jpg\">Wikipedia<\/a>)<\/figcaption><\/figure>\n<ul class=\"wp-block-list\">\n<li><strong>Rapport au th\u00e8me<\/strong> : Cette peinture est une signature cl\u00e9 de Van Gogh et de son utilisation des couleurs. Il utilise un fort contraste (sombre \u00e0 l\u2019arri\u00e8re-plan, plus clair au premier plan) ainsi que des couleurs compl\u00e9mentaires (ciel bleu et caf\u00e9 jaune), ce qui cr\u00e9e un sens de la perspective, de la ligne, de la profondeur et de la composition tout \u00e0 fait unique.<\/li>\n\n\n\n<li>&#13;\n<strong>Courte description<\/strong> : Le tableau est une \u0153uvre pittoresque. Il donne l\u2019impression de se promener dans une rue du sud de la France la nuit, en passant devant des caf\u00e9s et des gens qui se pr\u00e9lassent. Il s\u2019agit d\u2019un vrai caf\u00e9, situ\u00e9 \u00e0 Arles. Lors de la cr\u00e9ation de cette \u0153uvre, Van Gogh a d\u00e9clar\u00e9 : \u00ab La nuit est plus vivante et plus richement color\u00e9e que le jour\u201d.<\/li>\n\n\n\n<li><strong>Emplacement et dimension europ\u00e9enne<\/strong> : Dans ce tableau, van Gogh a utilis\u00e9 pour la premi\u00e8re fois sa signature, les \u00ab tourbillons bleus et jaunes \u00bb, pour peindre un ciel nocturne et \u00e9toil\u00e9. Pour repr\u00e9senter la nuit, il n\u2019a pas utilis\u00e9 une seule touche de noir, mais une large gamme de ses couleurs.<\/li>\n<\/ul>\n\n<p>L&rsquo;\u0153uvre est aujourd&rsquo;hui expos\u00e9e au mus\u00e9e Kr\u00f6ller-M\u00fcller, aux Pays-Bas.<\/p>\n\n<ul class=\"wp-block-list\">\n<li><strong>Possible exploitation p\u00e9dagogique<\/strong> : Vous pouvez explorer comment la lumi\u00e8re a \u00e9t\u00e9 cr\u00e9\u00e9e en utilisant des tons plus chauds, tout en cr\u00e9ant de la profondeur avec des couleurs plus sombres et plus intenses. Vous pouvez \u00e9galement profiter de ce moment pour explorer le ciel et pr\u00e9senter une peinture plus c\u00e9l\u00e8bre : La nuit \u00e9toil\u00e9e.<\/li>\n<\/ul>\n\n<h2 class=\"wp-block-heading\">\u0152uvre d&rsquo;art #10 Le Vieux guitariste, Pablo Picasso, 1903<\/h2>\n\n<p><em>Cette oeuvre est sous copyright et par cons\u00e9quent ne peut pas \u00eatre utilis\u00e9e dans ce dossier. L&rsquo;oeuvre originale peut \u00eatre vue \u00e0 l&rsquo;<a href=\"https:\/\/www.artic.edu\/artworks\/28067\/the-old-guitarist\">Art Institute of Chicago<\/a> in Chicago, USA.<\/em><\/p>\n\n<ul class=\"wp-block-list\">\n<li><strong>Rapport au th\u00e8me<\/strong> : Cette peinture est une bonne repr\u00e9sentation d\u2019une peinture monochromatique (une technique o\u00f9 les images sont compos\u00e9es d\u2019une seule couleur ou valeur), avec un ton unique plus clair. Sa peinture semble refl\u00e9ter son exp\u00e9rience de la pauvret\u00e9 et de l\u2019instabilit\u00e9 relatives, en repr\u00e9sentant des mendiants, des vagabonds des rues, des personnes \u00e2g\u00e9es et fragiles et des aveugles. Cette technique monochrome donne \u00e0 la peinture un style tr\u00e8s plat, en 2D. Elle d\u00e9gage un sentiment de m\u00e9lancolie, de tristesse et de trag\u00e9die.<\/li>\n\n\n\n<li>&#13;\n<strong>Courte description<\/strong> : Le tableau repr\u00e9sente un vieil homme, dans les rues de Barcelone, en Espagne, dans des v\u00eatements rudes et un comportement pauvre. Il semble entre la vie et la mort. La guitare, qui est le point central du tableau en raison de son ton plus clair, repr\u00e9sente le monde du guitariste et son seul espoir de survie.<\/li>\n\n\n\n<li><strong>Emplacement et dimension europ\u00e9enne<\/strong> : La p\u00e9riode bleue de Picasso fait partie de ses \u0153uvres les plus c\u00e9l\u00e8bres. Elle est aussi une parfaite repr\u00e9sentation de la signification des couleurs. En effet, Picasso, apr\u00e8s avoir appris la mort d\u2019un ami proche, est entr\u00e9 dans une phase de d\u00e9pression, qui a conduit \u00e0 sa p\u00e9riode bleue. Comme mentionn\u00e9 dans ce dossier, le bleu est souvent une couleur associ\u00e9e \u00e0 la tristesse.<\/li>\n<\/ul>\n\n<p>Le tableau est actuellement expos\u00e9 \u00e0 l&rsquo;Art Institute of Chicago, aux \u00c9tats-Unis. <\/p>\n\n<ul class=\"wp-block-list\">\n<li><strong>Possible exploitation p\u00e9dagogique<\/strong> : Picasso a eu de nombreuses p\u00e9riodes et diff\u00e9rentes phases dans sa carri\u00e8re. Utilisez cette peinture pour explorer sa p\u00e9riode bleue et la comparer \u00e0 une autre (rose, cubisme, etc.). Essayez de trouver des th\u00e8mes communs aux deux styles et explorez les diff\u00e9rences !<\/li>\n<\/ul>\n\n<h1 class=\"wp-block-heading\">Activit\u00e9s pratiques <\/h1>\n\n<h2 class=\"wp-block-heading\">Activit\u00e9 1<\/h2>\n\n<p><strong>Intitul\u00e9 de l&rsquo;activit\u00e9<\/strong><\/p>\n\n<p>Dessine-moi un oc\u00e9an<\/p>\n\n<p><strong>Objectifs<\/strong><\/p>\n\n<p>Comprendre le r\u00f4le des couleurs pour cr\u00e9er de la profondeur en utilisant les couleurs. <\/p>\n\n<p><strong>Mat\u00e9riel<\/strong><\/p>\n\n<ul class=\"wp-block-list\">\n<li>Pinceaux<\/li>\n\n\n\n<li> Un choix de peintures (acryliques, aquarelles, huiles, etc.)<\/li>\n\n\n\n<li>Une palette<\/li>\n<\/ul>\n\n<p>Si le mat\u00e9riel de peinture n&rsquo;est pas disponible, les apprenants peuvent \u00e9galement utiliser des crayons de couleur. <\/p>\n\n<ul class=\"wp-block-list\">\n<li>Un exemplaire imprim\u00e9 de ce paysage :<\/li>\n<\/ul>\n\n<figure class=\"wp-block-image size-large\"><img loading=\"lazy\" decoding=\"async\" width=\"1024\" height=\"768\" src=\"https:\/\/team-of-art.eu\/wp-content\/uploads\/2022\/07\/image30-1024x768.jpeg\" alt=\"\" class=\"wp-image-4273\" srcset=\"https:\/\/team-of-art.eu\/wp-content\/uploads\/2022\/07\/image30-980x735.jpeg 980w, https:\/\/team-of-art.eu\/wp-content\/uploads\/2022\/07\/image30-480x360.jpeg 480w\" sizes=\"(min-width: 0px) and (max-width: 480px) 480px, (min-width: 481px) and (max-width: 980px) 980px, (min-width: 981px) 1024px, 100vw\" \/><\/figure>\n<p><a href=\"https:\/\/concepts.app\/s\/275fe211-8642-4d78-b57c-1e812d2906f4\">Gallery &amp; Templates \u2022 Concepts App \u2022 Infinite, Flexible sketching<\/a><\/p>\n\n<p><strong>Phase pr\u00e9paratoire pour les \u00e9ducateurs\/m\u00e9diateurs<\/strong><\/p>\n\n<p>Expliquez \u00e0 vos \u00e9l\u00e8ves le contenu de ce dossier p\u00e9dagogique, et comment les couleurs peuvent \u00eatre utilis\u00e9es pour cr\u00e9er de la profondeur. &#13;\n<\/p>\n\n<p>Pr\u00e9sentez-leur le r\u00f4le des couleurs chaudes et froides, ainsi que les tons sp\u00e9cifiques qu&rsquo;ils peuvent utiliser. <\/p>\n\n<p>Rappelez-leur que la perspective des couleurs stipule que les teintes les plus chaudes de jaune et de vert s&rsquo;estompent dans l&rsquo;atmosph\u00e8re bleue au loin. <\/p>\n\n<figure class=\"wp-block-image size-full\"><img loading=\"lazy\" decoding=\"async\" width=\"700\" height=\"493\" src=\"https:\/\/team-of-art.eu\/wp-content\/uploads\/2022\/07\/image31.jpeg\" alt=\"\" class=\"wp-image-4280\" srcset=\"https:\/\/team-of-art.eu\/wp-content\/uploads\/2022\/07\/image31.jpeg 700w, https:\/\/team-of-art.eu\/wp-content\/uploads\/2022\/07\/image31-480x338.jpeg 480w\" sizes=\"(min-width: 0px) and (max-width: 480px) 480px, (min-width: 481px) 700px, 100vw\" \/><\/figure>\n<p><strong>D\u00e9veloppement<\/strong><\/p>\n\n<p>Commencez par dire \u00e0 vos apprenants qu&rsquo;ils vont devoir cr\u00e9er de la profondeur et une perspective atmosph\u00e9rique en utilisant des couleurs. Ne leur montrez pas tout de suite l&rsquo;image du paysage et du coucher de soleil. <\/p>\n\n<p>Commencez par travailler sur une palette. Vous pouvez soit leur donner quelques couleurs au choix (bleu, jaune, rouge) pour qu&rsquo;ils cr\u00e9ent leurs propres tons de couleurs en utilisant les couleurs primaires, soit pr\u00e9parer d\u00e9j\u00e0 avec eux une palette de couleurs plus compl\u00e8te. Cela d\u00e9pendra de leur niveau et de leurs comp\u00e9tences. <\/p>\n\n<p>Ensuite, pr\u00e9sentez les diff\u00e9rents types d&rsquo;ombrage qui peuvent avoir lieu. Utilisez des couleurs plus sombres pour le rocher \u00e0 l&rsquo;avant, et des couleurs plus claires et plus floues pour l&rsquo;arri\u00e8re-plan. L\u00e0 encore, faites-le en fonction du niveau de votre apprenant.  <\/p>\n\n<p>Demandez-leur ensuite de colorier le paysage en utilisant des couleurs chaudes sur le bord le plus proche et des couleurs froides pr\u00e8s de la ligne horizontale. <\/p>\n\n<p><strong>Copies \u00e0 distribuer ou fiches pratiques<\/strong><\/p>\n\n<p><a href=\"https:\/\/concepts.app\/s\/275fe211-8642-4d78-b57c-1e812d2906f4\">You will find the landscape template here.<\/a><\/p>\n\n<h2 class=\"wp-block-heading\">Activit\u00e9 2<\/h2>\n\n<p><strong>Intitul\u00e9 de l&rsquo;activit\u00e9<\/strong><\/p>\n\n<p>Chasse au tr\u00e9sor<\/p>\n\n<p><strong>Objectifs<\/strong><\/p>\n\n<p>Aider les \u00e9l\u00e8ves \u00e0 rechercher et \u00e0 chercher une peinture en utilisant leurs connaissances de la th\u00e9orie des couleurs. <\/p>\n\n<p><strong>Mat\u00e9riel<\/strong><\/p>\n\n<ul class=\"wp-block-list\">\n<li>Un acc\u00e8s \u00e0 Internet<\/li>\n\n\n\n<li>Un ordinateur, un smartphone ou une tablette La galerie Team of Art Un projecteur<\/li>\n\n\n\n<li>La galerie Team of Art <\/li>\n\n\n\n<li>Un projecteur<\/li>\n<\/ul>\n\n<p><strong>Phase pr\u00e9paratoire pour les \u00e9ducateurs\/m\u00e9diateurs<\/strong><\/p>\n\n<p>Cet exercice est destin\u00e9 \u00e0 d\u00e9velopper l&rsquo;esprit critique de l&rsquo;apprenant en ce qui concerne les couleurs et la profondeur. Les \u00e9ducateurs doivent se pr\u00e9parer \u00e0 recevoir diff\u00e9rentes opinions et \u00e0 mener une discussion. Il n&rsquo;y a pas de pr\u00e9paration physique.<\/p>\n\n<p><strong>D\u00e9veloppement<\/strong><\/p>\n\n<p>Choisissez dans la galerie une s\u00e9rie de tableaux aux couleurs vives et \u00e0 l&rsquo;impression de profondeur. Selon la taille de votre classe, vous pouvez en choisir entre 8 et 10.  <\/p>\n\n<p>Projetez-les au tableau si vous le pouvez ou demandez aux apprenants de les consulter sur leur propre ordinateur. Divisez votre classe en groupes de 2 ou 3, pour permettre la collaboration. <\/p>\n\n<p>Demandez-leur ensuite d&rsquo;identifier certains \u00e9l\u00e9ments de ces tableaux : <\/p>\n\n<ul class=\"wp-block-list\">\n<li>Pouvez-vous identifier les techniques utilis\u00e9es pour cr\u00e9er des illusions d\u2019optique de profondeur et de lumi\u00e8re ?<\/li>\n\n\n\n<li>Quels tableaux pr\u00e9sentent les ajustements les plus subtils entre les nuances ? <\/li>\n\n\n\n<li>Quelles peintures ont un contraste plus \u00e9lev\u00e9 ?<\/li>\n\n\n\n<li>Comment d\u00e9crivez-vous l\u2019effet que chaque image produit sur votre \u0153il ?<\/li>\n<\/ul>\n\n<p>Ensuite, lancez la discussion avec l&rsquo;ensemble du groupe. Quels apprenants ont eu des r\u00e9ponses similaires ? Les r\u00e9ponses \u00e9taient-elles unanimes au sein du groupe ? Qui avait des opinions divergentes ? <\/p>\n\n<p>Une fois la conversation termin\u00e9e, ouvrez \u00e9galement l&rsquo;exercice aux galeries ext\u00e9rieures. Vous trouverez des liens vers diff\u00e9rentes ressources sur le site de Team of Art. <\/p>\n\n<p>Demandez \u00e0 vos apprenants, toujours en groupes, de trouver diff\u00e9rentes images : <\/p>\n\n<ul class=\"wp-block-list\">\n<li>Une peinture \u00e0 fort contraste.<\/li>\n\n\n\n<li> Une peinture \u00e0 faible contraste.<\/li>\n\n\n\n<li> Une image d\u2019une peinture avec des couleurs de valeurs tr\u00e8s contrast\u00e9es.<\/li>\n\n\n\n<li> Une image d\u2019une peinture avec des couleurs de valeur similaire.<\/li>\n\n\n\n<li> Une peinture dans laquelle le niveau de contraste de valeur affecte l\u2019humeur de l\u2019image. <\/li>\n\n\n\n<li>Une peinture dans laquelle le contraste de valeur cr\u00e9e une texture.<\/li>\n\n\n\n<li> Une peinture dans laquelle le contraste de valeur met l\u2019accent sur le point central de l\u2019image. <\/li>\n\n\n\n<li>\u2026 <\/li>\n<\/ul>\n\n<p>Enfin, en fonction du niveau de votre apprenant, vous pouvez cr\u00e9er un atelier d&rsquo;analyse. En utilisant des questions d&rsquo;analyse d&rsquo;art telles que celles propos\u00e9es ici : \u00ab\u00a0<a href=\"https:\/\/sites.google.com\/a\/hbuhsd.edu\/ib-art\/analyzing-artwork\">Analyse d&rsquo;une \u0153uvre d&rsquo;art<\/a>\u00ab\u00a0, choisissez une ou deux peintures ayant une grande importance et une grande signification pour analyser l&rsquo;\u0153uvre d&rsquo;art.<\/p>\n\n<p><strong>Copies \u00e0 distribuer ou fiches pratiques<\/strong><\/p>\n\n<p>R\u00e9f\u00e9rez-vous aux fiches pratiques bas\u00e9es sur :<\/p>\n\n<ul class=\"wp-block-list\">\n<li>\u00c9l\u00e9ments d\u2019analyse de l\u2019art<\/li>\n\n\n\n<li>Comment rep\u00e9rer l\u2019art en dehors des mus\u00e9es et des centres culturels ?<\/li>\n\n\n\n<li> Appr\u00e9cier et comprendre la valeur de l\u2019art<\/li>\n\n\n\n<li>Comment utiliser Europeana?<\/li>\n<\/ul>\n","protected":false},"excerpt":{"rendered":"<p>Introduction Dans ce dossier, nous allons pr\u00e9senter le r\u00f4le des couleurs dans les \u0153uvres d&rsquo;art, introduire le concept de la th\u00e9orie des couleurs et le r\u00f4le des couleurs dans la cr\u00e9ation d&rsquo;un sens de la profondeur et de la perspective. Pour ce faire, dans la section th\u00e9matique de ce dossier, nous nous pencherons d&rsquo;abord sur [&hellip;]<\/p>\n","protected":false},"featured_media":0,"template":"","class_list":["post-5890","pedagogical_dossier","type-pedagogical_dossier","status-publish","hentry"],"acf":[],"_links":{"self":[{"href":"https:\/\/team-of-art.eu\/fr\/wp-json\/wp\/v2\/pedagogical_dossier\/5890"}],"collection":[{"href":"https:\/\/team-of-art.eu\/fr\/wp-json\/wp\/v2\/pedagogical_dossier"}],"about":[{"href":"https:\/\/team-of-art.eu\/fr\/wp-json\/wp\/v2\/types\/pedagogical_dossier"}],"wp:attachment":[{"href":"https:\/\/team-of-art.eu\/fr\/wp-json\/wp\/v2\/media?parent=5890"}],"curies":[{"name":"wp","href":"https:\/\/api.w.org\/{rel}","templated":true}]}}