{"id":5913,"date":"2022-09-23T16:59:16","date_gmt":"2022-09-23T14:59:16","guid":{"rendered":"https:\/\/team-of-art.eu\/pedagogical_dossier\/color-y-profundidad\/"},"modified":"2022-09-23T16:59:22","modified_gmt":"2022-09-23T14:59:22","slug":"color-y-profundidad","status":"publish","type":"pedagogical_dossier","link":"https:\/\/team-of-art.eu\/es\/pedagogical_dossier\/color-y-profundidad\/","title":{"rendered":"Color y profundidad"},"content":{"rendered":"\n<h1 class=\"wp-block-heading\">Introducci\u00f3n<\/h1>\n\n<p>En este dossier, presentaremos el papel de los colores en las obras de arte, introduciremos el concepto de teor\u00eda del color y el papel de los colores en la creaci\u00f3n de una sensaci\u00f3n de profundidad y perspectiva. Para ello, en la secci\u00f3n tem\u00e1tica de este dossier, veremos primero los or\u00edgenes de los colores, despu\u00e9s proporcionaremos informaci\u00f3n exhaustiva sobre la teor\u00eda del color, introduciendo conceptos como el tono, el valor, el croma y el contraste, entre otros. Por \u00faltimo, presentaremos los diferentes m\u00e9todos en los que se pueden utilizar los colores para crear profundidad. <\/p>\n\n<p> A continuaci\u00f3n, en la segunda secci\u00f3n de este dossier, ofreceremos una serie de ejemplos de obras de arte que utilizan estas t\u00e9cnicas, as\u00ed como dos actividades detalladas para introducir a tus alumnos en los diferentes conceptos de este dossier. <\/p>\n\n<p>Los objetivos de este dossier son: <\/p>\n\n<ul class=\"wp-block-list\"><li>descubrir c\u00f3mo nuestros ojos ven los colores, <\/li><li>definir qu\u00e9 es la teor\u00eda del color,<\/li><li>aprender t\u00e9cnicas y t\u00e9rminos espec\u00edficos relacionados con los colores, <\/li><li>comprender c\u00f3mo los puntos anteriores han dado forma a la pintura a lo largo de la historia, <\/li><li>descubrir el significado de los colores en determinadas situaciones, <\/li><li>comprender c\u00f3mo se utiliza el color para crear profundidad,<\/li><li>practicar c\u00f3mo utilizar el color para crear una sensaci\u00f3n de profundidad. <\/li><\/ul>\n<h1 class=\"wp-block-heading\">El tema<\/h1>\n\n<h2 class=\"wp-block-heading\">La naturaleza del tema<\/h2>\n\n<p>\u00bfQu\u00e9 es el color? \u00bfQu\u00e9 es la profundidad? Son preguntas que pueden tener una respuesta simple, pero que cobran incre\u00edble fuerza en el campo del arte.<\/p>\n\n<p>En teor\u00eda, el color se define como \u00abel aspecto de las cosas causado por las diferentes calidades de luz que reflejan o emiten\u00bb. Para ver el color, hay que tener luz. Cuando la luz incide sobre un objeto, algunos colores rebotan en \u00e9l y otros son absorbidos por \u00e9l\u201d  Pero el color es m\u00e1s que la luz y su reflejo, es la principal herramienta de un artista para expresarse, compartir sus creencias o transmitir mensajes. Los artistas utilizan su conocimiento del color para representar el estado de \u00e1nimo, la luz, la profundidad y el punto de vista en una obra de arte.<\/p>\n\n<p>Los colores tienen 3 propiedades principales: <\/p>\n\n<ul class=\"wp-block-list\"><li><strong>Matiz<\/strong>: El matiz se refiere al color en s\u00ed mismo. Es distinto de cualquier otro color y representa el nombre que le asignamos a ese color, como el azul, el amarillo y el \u00edndigo.<\/li><li><strong>Valor<\/strong>: El valor (o luminosidad) es la oscuridad o claridad de un matiz. Cuando los matices se mezclan con el blanco, el color resultante tendr\u00e1 un valor m\u00e1s claro llamado <strong>tonalidades<\/strong>. Cuando los matices se mezclan con el color negro, tienen un valor m\u00e1s oscuro llamado <strong>sombras<\/strong>. Los distintos valores de un matiz pueden mostrarse en un espectro de gradiente que se asemeja a las muestras de pintura.<\/li><\/ul>\n<ul class=\"wp-block-list\"><li><strong>Croma o saturaci\u00f3n<\/strong>: El croma de un color se refiere a la pureza de un color. El croma est\u00e1 relacionado con la <strong>saturaci\u00f3n<\/strong>, ya que los colores con croma alto aparecen m\u00e1s brillantes y los colores con croma bajo aparecen m\u00e1s apagados.<\/li><\/ul>\n<figure class=\"wp-block-image size-full\"><img loading=\"lazy\" decoding=\"async\" width=\"230\" height=\"480\" src=\"https:\/\/team-of-art.eu\/wp-content\/uploads\/2022\/07\/image1.png\" alt=\"\" class=\"wp-image-4125\" srcset=\"https:\/\/team-of-art.eu\/wp-content\/uploads\/2022\/07\/image1.png 230w, https:\/\/team-of-art.eu\/wp-content\/uploads\/2022\/07\/image1-144x300.png 144w, https:\/\/team-of-art.eu\/wp-content\/uploads\/2022\/07\/image1-72x150.png 72w\" sizes=\"(max-width: 230px) 100vw, 230px\" \/><figcaption>(author: Mahlum; license: CC-BY-SA-3.0-migrated; source: <a href=\"https:\/\/commons.wikimedia.org\/wiki\/File:ColorValue.jpg?uselang=fr\">Wikipedia<\/a>)<\/figcaption><\/figure>\n<figure class=\"wp-block-image size-full\"><img loading=\"lazy\" decoding=\"async\" width=\"800\" height=\"899\" src=\"https:\/\/team-of-art.eu\/wp-content\/uploads\/2022\/07\/image2.jpeg\" alt=\"\" class=\"wp-image-4131\" srcset=\"https:\/\/team-of-art.eu\/wp-content\/uploads\/2022\/07\/image2.jpeg 800w, https:\/\/team-of-art.eu\/wp-content\/uploads\/2022\/07\/image2-480x539.jpeg 480w\" sizes=\"(min-width: 0px) and (max-width: 480px) 480px, (min-width: 481px) 800px, 100vw\" \/><figcaption>(license : CC-BY-SA-3.0-migrated; source: <a href=\"https:\/\/commons.wikimedia.org\/wiki\/File:Saturation_change_photoshop.jpg\">Wikipedia<\/a>)<\/figcaption><\/figure>\n<h3 class=\"wp-block-heading\">Teor\u00eda del color<\/h3>\n\n<p>Para dominar completamente el uso de los colores, un artista debe comprender los fundamentos de la <strong>Teor\u00eda del Color<\/strong>; un conjunto de pautas para mezclar, combinar y manipular el espectro de colores.<\/p>\n\n<p>La teor\u00eda del color se remonta a la Antig\u00fcedad y ha evolucionado con el tiempo. Desde las ense\u00f1anzas de Arist\u00f3teles sobre c\u00f3mo la mezcla de colores puede crear otros, hasta la teor\u00eda de los colores de Isaac Newton y el papel de los colores primarios, ha habido importantes investigaciones y debates sobre el tema.<\/p>\n\n<figure class=\"wp-block-image size-full\"><img loading=\"lazy\" decoding=\"async\" width=\"640\" height=\"492\" src=\"https:\/\/team-of-art.eu\/wp-content\/uploads\/2022\/07\/image3.jpeg\" alt=\"\" class=\"wp-image-4138\" srcset=\"https:\/\/team-of-art.eu\/wp-content\/uploads\/2022\/07\/image3.jpeg 640w, https:\/\/team-of-art.eu\/wp-content\/uploads\/2022\/07\/image3-480x369.jpeg 480w\" sizes=\"(min-width: 0px) and (max-width: 480px) 480px, (min-width: 481px) 640px, 100vw\" \/><figcaption><em>C\u00edrculos de siete y doce colores de 1708, atribuidos a Claude Boutet\u00a0<\/em>(\u00a9 Public domain; source:\u00a0<a href=\"https:\/\/commons.wikimedia.org\/wiki\/File:Boutet_1708_color_circles.jpg\">Wikipedia<\/a>)<\/figcaption><\/figure>\n<p>La teor\u00eda del color m\u00e1s utilizada hoy en d\u00eda se basa en la regla fundamental de que no se pueden hacer tres colores mezclando otros. Estos tres colores son <strong>el rojo, el azul y el amarillo<\/strong>, y se consideran <strong>los colores primarios<\/strong>. Cuando se mezclan, estos tres colores primarios pueden formar muchos otros colores.<\/p>\n\n<p><strong>Los colores secundarios<\/strong> son el resultado de la mezcla de dos colores primarios. En el modelo de color tradicional, los tres colores secundarios son el verde (amarillo m\u00e1s azul), el naranja (amarillo m\u00e1s rojo) y el morado (rojo m\u00e1s azul).<\/p>\n\n<p><strong>Entonces, <\/strong><strong>Los colores terciarios <\/strong>son la combinaci\u00f3n de un color primario con un color secundario. Hay seis colores terciarios en la rueda de color tradicional: magenta (rojo-p\u00farpura), bermell\u00f3n (rojo-naranja), \u00e1mbar (amarillo-naranja), chartreuse (amarillo-verde), cerceta (azul-verde) y violeta (azul-p\u00farpura).<\/p>\n\n<figure class=\"wp-block-image size-large\"><img loading=\"lazy\" decoding=\"async\" width=\"1024\" height=\"1024\" src=\"https:\/\/team-of-art.eu\/wp-content\/uploads\/2022\/07\/image4bis-1024x1024.png\" alt=\"\" class=\"wp-image-4150\" srcset=\"https:\/\/team-of-art.eu\/wp-content\/uploads\/2022\/07\/image4bis-980x980.png 980w, https:\/\/team-of-art.eu\/wp-content\/uploads\/2022\/07\/image4bis-480x480.png 480w\" sizes=\"(min-width: 0px) and (max-width: 480px) 480px, (min-width: 481px) and (max-width: 980px) 980px, (min-width: 981px) 1024px, 100vw\" \/><figcaption>(author: Quark67; license: CC-BY-SA-2.5; source: <a href=\"https:\/\/commons.wikimedia.org\/wiki\/File:Synthese-.svg\">Wikipedia<\/a>)<\/figcaption><\/figure>\n<h3 class=\"wp-block-heading\">Crear contraste con los colores<\/h3>\n\n<p>Aunque los colores establecen diferentes tonos y pueden crear diferentes contrastes, hay algunas teor\u00edas que ayudan a crear una pintura m\u00e1s armoniosa. <\/p>\n\n<figure class=\"wp-block-image size-large\"><img loading=\"lazy\" decoding=\"async\" width=\"1024\" height=\"1024\" src=\"https:\/\/team-of-art.eu\/wp-content\/uploads\/2022\/07\/image5bis-1024x1024.png\" alt=\"\" class=\"wp-image-4162\" srcset=\"https:\/\/team-of-art.eu\/wp-content\/uploads\/2022\/07\/image5bis-980x980.png 980w, https:\/\/team-of-art.eu\/wp-content\/uploads\/2022\/07\/image5bis-480x480.png 480w\" sizes=\"(min-width: 0px) and (max-width: 480px) 480px, (min-width: 481px) and (max-width: 980px) 980px, (min-width: 981px) 1024px, 100vw\" \/><figcaption>(\u00a9 Public domain; source: <a href=\"https:\/\/commons.wikimedia.org\/wiki\/File:Farbkreis_Itten_1961.svg\">Wikipedia<\/a>)<\/figcaption><\/figure>\n<p><strong>Los colores complementarios<\/strong> son los que se encuentran en el lado opuesto de la rueda de colores. Los colores complementarios incluyen el azul con el naranja, el rojo con el verde y el amarillo con el morado. Los colores complementarios contrastan mucho.<\/p>\n\n<p>Por ejemplo, en <strong>Impresi\u00f3n, sol naciente de Claude Monet (1872)<\/strong>, un peque\u00f1o sol anaranjado y algo de luz naranja se reflejan en las nubes y el agua en el centro de un paisaje azul brumoso. Este cuadro, con su llamativo uso de los colores complementarios naranja y azul, es un ejemplo perfecto de complementariedad.<\/p>\n\n<figure class=\"wp-block-image size-full\"><img loading=\"lazy\" decoding=\"async\" width=\"972\" height=\"757\" src=\"https:\/\/team-of-art.eu\/wp-content\/uploads\/2022\/07\/image6.jpeg\" alt=\"\" class=\"wp-image-4168\" srcset=\"https:\/\/team-of-art.eu\/wp-content\/uploads\/2022\/07\/image6.jpeg 972w, https:\/\/team-of-art.eu\/wp-content\/uploads\/2022\/07\/image6-480x374.jpeg 480w\" sizes=\"(min-width: 0px) and (max-width: 480px) 480px, (min-width: 481px) 972px, 100vw\" \/><figcaption>(\u00a9 Public domain; source: <a href=\"https:\/\/commons.wikimedia.org\/wiki\/File:Claude_Monet,_Impression,_soleil_levant.jpg\">Wikipedia<\/a>)<\/figcaption><\/figure>\n<p>El azul y el naranja eran una combinaci\u00f3n de colores muy popular entre los impresionistas. Estudiaban la teor\u00eda del color y sab\u00edan que el naranja colocado junto al azul hac\u00eda que ambos colores fueran mucho m\u00e1s brillantes. Auguste Renoir pintaba barcos con franjas de pintura naranja cromada directamente del tubo. Paul C\u00e9zanne utilizaba el naranja con toques de amarillo, rojo y ocre sobre un fondo azul . <\/p>\n\n<p>Vincent van Gogh apreciaba especialmente esta t\u00e9cnica; incluso cre\u00f3 sus propias naranjas con mezclas de amarillo, ocre y rojo. A continuaci\u00f3n, <strong>El sembrador, 1888, de Vincent Van Gogh. <\/strong><\/p>\n\n<figure class=\"wp-block-image size-full\"><img loading=\"lazy\" decoding=\"async\" width=\"1018\" height=\"809\" src=\"https:\/\/team-of-art.eu\/wp-content\/uploads\/2022\/07\/image7.jpeg\" alt=\"\" class=\"wp-image-4174\" srcset=\"https:\/\/team-of-art.eu\/wp-content\/uploads\/2022\/07\/image7.jpeg 1018w, https:\/\/team-of-art.eu\/wp-content\/uploads\/2022\/07\/image7-980x779.jpeg 980w, https:\/\/team-of-art.eu\/wp-content\/uploads\/2022\/07\/image7-480x381.jpeg 480w\" sizes=\"(min-width: 0px) and (max-width: 480px) 480px, (min-width: 481px) and (max-width: 980px) 980px, (min-width: 981px) 1018px, 100vw\" \/><figcaption>(\u00a9 Public domain; source: <a href=\"https:\/\/commons.wikimedia.org\/wiki\/File:Vincent_van_Gogh_-_The_Sower_-_c._17-28_June_1888.jpg\">Wikipedia<\/a>)<\/figcaption><\/figure>\n<p>Mientras que los colores complementarios se sit\u00faan en el lado opuesto del espectro crom\u00e1tico, <strong>los colores an\u00e1logos<\/strong> se sit\u00faan uno al lado del otro en la rueda de colores. Por ejemplo, el amarillo se combina con el chartreuse y el verde; el rojo con el bermell\u00f3n y el naranja; y el azul con el verde azulado y el violeta. Los tres colores de cada pareja comparten un tono com\u00fan, por lo que parecen coincidir.<\/p>\n\n<p>En el cuadro de abajo, <strong>Estanque de lirios (1904) de Claude Monet<\/strong>, se puede ver el uso de colores an\u00e1logos y el uso de verdes, verdes claros, azules claros y toques de p\u00farpura y m\u00e1s.<\/p>\n\n<figure class=\"wp-block-image size-large\"><img loading=\"lazy\" decoding=\"async\" width=\"1024\" height=\"822\" src=\"https:\/\/team-of-art.eu\/wp-content\/uploads\/2022\/07\/image9-1024x822.jpeg\" alt=\"\" class=\"wp-image-4180\" srcset=\"https:\/\/team-of-art.eu\/wp-content\/uploads\/2022\/07\/image9-1024x822.jpeg 1024w, https:\/\/team-of-art.eu\/wp-content\/uploads\/2022\/07\/image9-980x786.jpeg 980w, https:\/\/team-of-art.eu\/wp-content\/uploads\/2022\/07\/image9-480x385.jpeg 480w\" sizes=\"(min-width: 0px) and (max-width: 480px) 480px, (min-width: 481px) and (max-width: 980px) 980px, (min-width: 981px) 1024px, 100vw\" \/><figcaption>(\u00a9 Public domain; source: <a href=\"https:\/\/commons.wikimedia.org\/wiki\/File:Monet_-_Nen%C3%BAfares.jpg\">Wikipedia<\/a>)<\/figcaption><\/figure>\n<h3 class=\"wp-block-heading\">Temperatura de los colores<\/h3>\n\n<p>Para entender c\u00f3mo se puede crear profundidad con los colores, es importante entender las diferentes temperaturas que pueden tomar los colores. La temperatura se refiere a la calidez que contiene un color. Estos colores suelen identificarse como colores c\u00e1lidos o fr\u00edos. <\/p>\n\n<p>Los artistas suelen dividir la rueda de colores en dos por la mitad. As\u00ed, los rojos, naranjas y amarillos se consideran generalmente colores c\u00e1lidos, y los azules y verdes se consideran generalmente colores fr\u00edos.<\/p>\n\n<p>A partir de los cuadros, a continuaci\u00f3n, se muestran ejemplos de tonos c\u00e1lidos y fr\u00edos. <\/p>\n\n<p>Colores c\u00e1lidos: Rojo, amarillo, naranja y tonos similares. <\/p>\n\n<figure class=\"wp-block-image size-full\"><img loading=\"lazy\" decoding=\"async\" width=\"800\" height=\"504\" src=\"https:\/\/team-of-art.eu\/wp-content\/uploads\/2022\/07\/image11.jpeg\" alt=\"\" class=\"wp-image-4187\" srcset=\"https:\/\/team-of-art.eu\/wp-content\/uploads\/2022\/07\/image11.jpeg 800w, https:\/\/team-of-art.eu\/wp-content\/uploads\/2022\/07\/image11-480x302.jpeg 480w\" sizes=\"(min-width: 0px) and (max-width: 480px) 480px, (min-width: 481px) 800px, 100vw\" \/><figcaption><em>Naturaleza muerta con mangos,<\/em> 1893 Paul Gauguin (\u00a9 Public domain; source:\u00a0<a href=\"https:\/\/www.wikiart.org\/en\/paul-gauguin\/still-life-with-mangoes\">Wikiart<\/a>)<\/figcaption><\/figure>\n<p>Colores fr\u00edos: Azul, verde, p\u00farpura y tonos similares. <\/p>\n\n<figure class=\"wp-block-image size-full is-resized\"><img loading=\"lazy\" decoding=\"async\" src=\"https:\/\/team-of-art.eu\/wp-content\/uploads\/2022\/07\/image12.jpeg\" alt=\"\" class=\"wp-image-4193\" width=\"823\" height=\"522\" srcset=\"https:\/\/team-of-art.eu\/wp-content\/uploads\/2022\/07\/image12.jpeg 823w, https:\/\/team-of-art.eu\/wp-content\/uploads\/2022\/07\/image12-480x305.jpeg 480w\" sizes=\"(min-width: 0px) and (max-width: 480px) 480px, (min-width: 481px) 823px, 100vw\" \/><figcaption><em>Barcos de pesca<\/em>, Key West &#8211; 1903, Winslow Homer (\u00a9 Public domain; source:\u00a0<a href=\"https:\/\/commons.wikimedia.org\/wiki\/File:Fishing_Boats,_Key_West_MET_ap10.228.1.jpg\">Wikipedia<\/a>)<\/figcaption><\/figure>\n<h3 class=\"wp-block-heading\">Color y profundidad<\/h3>\n\n<p>Hay muchos m\u00e9todos que los artistas pueden utilizar para crear profundidad en la pintura. Dependiendo de la \u00e9poca, el estilo y las t\u00e9cnicas del artista, la creaci\u00f3n de una sensaci\u00f3n de profundidad y perspectiva puede variar mucho de un cuadro a otro. <\/p>\n\n<p>Entonces, \u00bfqu\u00e9 es la profundidad? <\/p>\n\n<p>En arte, la profundidad se refiere a la distancia percibida entre el fondo y el primer plano de una composici\u00f3n. Puede compararse con la creaci\u00f3n de la ilusi\u00f3n de un espacio tridimensional en un lienzo bidimensional. Existe una amplia gama de herramientas como la perspectiva, las l\u00edneas, los colores y el sombreado que pueden crear la ilusi\u00f3n de espacio y a\u00f1adir una capa de realidad.<\/p>\n\n<p>Por lo tanto, \u00bfc\u00f3mo crean los artistas la sensaci\u00f3n de profundidad y perspectiva utilizando los colores? La teor\u00eda reside en la idea de que <strong>los colores c\u00e1lidos parecen m\u00e1s cercanos al espectador, mientras que los fr\u00edos parecen m\u00e1s lejanos. <\/strong>Lo contrario tambi\u00e9n es cierto contra un fondo blanco.<\/p>\n\n<p>Esto se debe a que las longitudes de onda de los colores c\u00e1lidos son m\u00e1s largas, por lo que los ojos los ven antes que las longitudes de onda m\u00e1s cortas de los colores fr\u00edos.<\/p>\n\n<p>Esta t\u00e9cnica tambi\u00e9n se denomina perspectiva atmosf\u00e9rica o perspectiva a\u00e9rea. Este proceso utiliza la modificaci\u00f3n del valor (tono) para crear la sensaci\u00f3n de profundidad. En otras palabras: <\/p>\n\n<ul class=\"wp-block-list\"><li>A medida que los objetos se alejan del espectador: los valores se vuelven menos contrastados, los colores se vuelven m\u00e1s d\u00e9biles y fr\u00edos, y los detalles se vuelven menos n\u00edtidos.<\/li><li>A medida que los objetos se acercan al espectador: los valores tienen m\u00e1s contraste, los colores se vuelven m\u00e1s fuertes y c\u00e1lidos, y los detalles se vuelven m\u00e1s n\u00edtidos.<\/li><\/ul>\n<p>Para crear este tipo de perspectiva, los colores deben ser modificados por las intensidades crom\u00e1ticas, las descripciones de los bordes, los tipos y detalles de las pinceladas y el tama\u00f1o de los toques de color en la imagen.<\/p>\n\n<h3 class=\"wp-block-heading\">Intensidad crom\u00e1tica<\/h3>\n\n<p>Los grados de intensidad crom\u00e1tica (o el brillo de un color) pueden hacer que algunas zonas se adelanten o se alejen visualmente de otras zonas de color. Los colores m\u00e1s grises se alejan \u00f3pticamente de los colores menos grises. Los colores m\u00e1s fr\u00edos tienden a retroceder junto a los m\u00e1s c\u00e1lidos. Las mezclas de colores que tienen m\u00e1s pigmento blanco parecer\u00e1n retroceder junto a los colores que son m\u00e1s puros y, por tanto, tienen menos pigmento blanco. En el siguiente cuadro, <strong>Lake George Reflection, 1921 de Georgia O\u2019Keeffe<\/strong>, se puede observar que los colores m\u00e1s brillantes parecen fuertes y luminosos, mientras que los tonos m\u00e1s p\u00e1lidos retroceden y crean una sensaci\u00f3n de profundidad a medida que los colores se aclaran en el horizonte.<\/p>\n\n<p><em>This artwork is a <a href=\"https:\/\/www.christies.com\/en\/lot\/lot-5994696\">Property from the Collection of J.E. Safra<\/a>, therefore it cannot be used in this dossier. <\/em><\/p>\n\n<h3 class=\"wp-block-heading\">Relaciones de borde<\/h3>\n\n<p>Los bordes de un trazo de color o de un objeto de color se mostrar\u00e1n con mayor eficacia si los bordes son m\u00e1s n\u00edtidos y claros que los que los rodean.<\/p>\n\n<p>Un concepto general es que: los trazos, colores o marcas m\u00e1s n\u00edtidos, claros y definidos se adelantan mientras que los trazos m\u00e1s suaves, menos definidos y con bordes m\u00e1s suaves retroceden en comparaci\u00f3n. Si se combina esto con el color, se puede decir que los colores que tienen bordes m\u00e1s n\u00edtidos y trazos m\u00e1s claros se adelantan en comparaci\u00f3n con los que tienen bordes m\u00e1s suaves y trazos menos claros. En el cuadro siguiente, <strong>Vagabundo sobre el mar de niebla, 1818, de Caspar David Friedrich, <\/strong>la roca oscura y s\u00f3lida se presenta con mayor intensidad que los grises y azules esquivos y suaves del fondo. La relaci\u00f3n de los bordes entre el primer plano y el fondo crea una fuerte sensaci\u00f3n de profundidad.<\/p>\n\n<figure class=\"wp-block-image size-large\"><img loading=\"lazy\" decoding=\"async\" width=\"800\" height=\"1024\" src=\"https:\/\/team-of-art.eu\/wp-content\/uploads\/2022\/07\/image15-800x1024.jpeg\" alt=\"\" class=\"wp-image-4205\"\/><figcaption><em>Vagabundo sobre el mar de niebla<\/em>, Caspar David Friedrich, 1818 (\u00a9 Public domain; source:\u00a0<a href=\"https:\/\/en.wikipedia.org\/wiki\/File:Caspar_David_Friedrich_-_Wanderer_above_the_sea_of_fog.jpg\">Wikipedia<\/a>)<\/figcaption><\/figure>\n<h3 class=\"wp-block-heading\">Escala y forma<\/h3>\n\n<p>Los trazos de color m\u00e1s grandes generalmente se adelantan visualmente en comparaci\u00f3n con los m\u00e1s peque\u00f1os. Las \u00e1reas de color con formas y tama\u00f1os m\u00e1s claros y atrevidos acercar\u00e1n el primer plano al espectador, mientras que las m\u00e1s peque\u00f1as y suaves parecer\u00e1n retroceder en la distancia. Estos conceptos son especialmente \u00fatiles cuando el artista desea un primer plano, un segundo plano y un fondo fuertes y claramente definidos.<\/p>\n\n<h2 class=\"wp-block-heading\">Contexto hist\u00f3rico: breve historia de los colores<\/h2>\n\n<p>Los colores se mezclaron por primera vez utilizando pigmentos muy naturales -una combinaci\u00f3n de tierra, grasa animal, carb\u00f3n quemado y tiza- hace ya 40.000 a\u00f1os, creando una paleta b\u00e1sica de cinco colores: rojo, amarillo, marr\u00f3n, negro y blanco. Desde entonces, desde el Renacimiento hasta el Impresionismo, los colores han evolucionado a trav\u00e9s de la exploraci\u00f3n o los descubrimientos cient\u00edficos y han creado colores nuevos e in\u00e9ditos. <\/p>\n\n<p>El rojo es uno de los colores m\u00e1s antiguos. Encontrado en suelos ricos en hierro, el ocre rojo es uno de los pigmentos m\u00e1s antiguos que se utilizaba en las cuevas prehist\u00f3ricas. M\u00e1s tarde, durante los siglos XVI y XVII, se utiliz\u00f3 un insecto (la cochinilla) para crear un tinte rojo.<\/p>\n\n<p>El azul era uno de los colores m\u00e1s caros, ya que la piedra preciosa de la que proced\u00eda s\u00f3lo pod\u00eda encontrarse en una \u00fanica cordillera de Afganist\u00e1n. Considerado un material precioso, el precio de esta piedra preciosa (lapisl\u00e1zuli) era similar al del oro. Hasta la d\u00e9cada de 1950 no se cre\u00f3 una versi\u00f3n sint\u00e9tica del azul ultramar, y el color se democratiz\u00f3 en su uso. <\/p>\n\n<p>El amarillo no era un color muy popular en la pintura cl\u00e1sica. Artistas como J.M.W. Turner y Vincent van Gogh fueron algunos de los pocos que adoptaron este color. J.M.W. Turner fue criticado a menudo por su uso del amarillo, diciendo que sus cuadros \u00abestaban afligidos por la ictericia. <\/p>\n\n<p>Los pigmentos verdes, aunque se utilizaban para evocar la naturaleza y la primavera, eran algunos de los m\u00e1s venenosos de la historia. El verde de Sheele, con ars\u00e9nico, se hizo muy popular en la \u00e9poca victoriana, a pesar de su peligrosidad. M\u00e1s tarde, Claude Monet, Paul Cezanne y Pierre-Auguste Renoir utilizaron el Verde Par\u00eds, una alternativa m\u00e1s duradera que utilizaba raticida e insecticida. El color segu\u00eda siendo muy t\u00f3xico y puede haber sido el responsable de la diabetes de Cezanne y la ceguera de Monet. <\/p>\n\n<p>El color p\u00farpura era especialmente popular entre los impresionistas, como Claude Monet. En una ocasi\u00f3n declar\u00f3: \u00abPor fin he descubierto el verdadero color de la atm\u00f3sfera. Es el violeta. El aire fresco es violeta\u201d.<\/p>\n\n<h2 class=\"wp-block-heading\">Contexto social y cultural: el significado de los colores<\/h2>\n\n<p>El simbolismo del color en el arte se refiere al uso del color como s\u00edmbolo en diversas culturas. Existe una gran diversidad en el uso de los colores y sus asociaciones entre culturas e incluso dentro de la misma cultura en diferentes periodos de tiempo. <\/p>\n\n<p>El rojo se asocia a menudo con el amor y la pasi\u00f3n. Tambi\u00e9n puede asociarse con el peligro y la advertencia (pensemos en las etiquetas, las se\u00f1ales de stop, los sem\u00e1foros en rojo, etc.). El rojo puede tener un efecto f\u00edsico en las personas, aumentando la presi\u00f3n sangu\u00ednea y la frecuencia respiratoria. <\/p>\n\n<p>El naranja es un color muy vibrante y energ\u00e9tico. En sus formas apagadas, puede asociarse a la tierra y al oto\u00f1o. Por su asociaci\u00f3n con los cambios de estaci\u00f3n, el naranja puede representar el cambio y el movimiento en general. El naranja tambi\u00e9n se asocia fuertemente con la creatividad.<\/p>\n\n<p>El amarillo suele considerarse el m\u00e1s brillante y energ\u00e9tico de los colores c\u00e1lidos. Se asocia con la felicidad y el sol. En Francia, el amarillo tambi\u00e9n puede asociarse con el enga\u00f1o y la cobard\u00eda. <\/p>\n\n<p>El verde es un color muy realista. Puede representar nuevos comienzos y crecimiento. Tambi\u00e9n significa renovaci\u00f3n y abundancia. Por otro lado, el verde tambi\u00e9n puede representar la envidia o los celos, y la falta de experiencia.<\/p>\n\n<p>El azul se asocia a menudo con la tristeza en la cultura inglesa. El azul tambi\u00e9n se utiliza mucho para representar la calma y la responsabilidad. Los azules claros pueden ser refrescantes y acogedores. Los azules oscuros son m\u00e1s fuertes y s\u00f3lidos. El azul tambi\u00e9n se asocia con la paz y tiene connotaciones espirituales y religiosas en muchas culturas y tradiciones. <\/p>\n\n<p>El p\u00farpura es una combinaci\u00f3n del rojo y el azul y adopta algunos atributos de ambos. Tambi\u00e9n se asocia con la creatividad y la imaginaci\u00f3n. Los tintes utilizados para crear tonos p\u00farpura se extra\u00edan de los caracoles y eran muy caros, por lo que s\u00f3lo la realeza y los muy ricos pod\u00edan permit\u00edrselos.<\/p>\n\n<h1 class=\"wp-block-heading\">Enfoque pedag\u00f3gico <\/h1>\n\n<p>Comprender el color y la profundidad es importante para entender el arte en su conjunto. Con los colores, los artistas son capaces de transmitir un significado, de enviar mensajes a su p\u00fablico y de crear sentimientos y emociones. Al utilizar los colores para crear profundidad, son capaces de dar vida a las im\u00e1genes bidimensionales y guiar el ojo del alumno para que vea los detalles, comprenda la perspectiva y sienta m\u00e1s. <\/p>\n\n<h2 class=\"wp-block-heading\">\u00bfPor qu\u00e9 este tema es relevante para los estudiantes adultos?<\/h2>\n\n<p>Este tema es especialmente relevante para los estudiantes adultos, ya que la teor\u00eda del color es un proceso complejo y bien dise\u00f1ado que puede analizarse a trav\u00e9s de la mayor\u00eda de los cuadros. En todos los museos, exposiciones o centros de arte, los artistas han utilizado alg\u00fan tipo de esquema de color para crear profundidad. <\/p>\n\n<h2 class=\"wp-block-heading\">\u00bfCu\u00e1les son los resultados del aprendizaje al integrar este tema art\u00edstico con una actividad educativa?<\/h2>\n\n<p>Los colores desempe\u00f1an un papel crucial a la hora de crear una atm\u00f3sfera, expresar un sentimiento, mostrar una expresi\u00f3n y mucho m\u00e1s. Los colores son las mejores herramientas que tienen los pintores para transmitir su mensaje. Por lo tanto, entender las teor\u00edas y t\u00e9cnicas que hay detr\u00e1s del uso de estos colores es importante para comprender una pintura en su totalidad. <\/p>\n\n<h2 class=\"wp-block-heading\">C\u00f3mo hacerlo: estrategias, herramientas y t\u00e9cnicas. <\/h2>\n\n<p>Los alumnos pueden acercarse a la teor\u00eda del color y a la profundidad a trav\u00e9s de diferentes herramientas, ya sea mediante el an\u00e1lisis de cuadros famosos, o trabajando ellos mismos con una paleta de colores. <\/p>\n\n<h1 class=\"wp-block-heading\">Obras de arte<\/h1>\n\n<h2 class=\"wp-block-heading\">Obra de arte #1. La muerte de Germ\u00e1nico, Nicolas Poussin, 1627.<\/h2>\n\n<figure class=\"wp-block-image size-large is-resized\"><img loading=\"lazy\" decoding=\"async\" src=\"https:\/\/team-of-art.eu\/wp-content\/uploads\/2022\/07\/image16-1024x762.jpeg\" alt=\"\" class=\"wp-image-4211\" width=\"823\" height=\"612\"\/><figcaption>(\u00a9 Public domain; source: <a href=\"https:\/\/commons.wikimedia.org\/wiki\/File:Nicolas_Poussin_-_The_Death_of_Germanicus_-_Google_Art_Project.jpg\">Wikipedia<\/a>)<\/figcaption><\/figure>\n<ul class=\"wp-block-list\"><li><strong>Su posici\u00f3n-relaci\u00f3n con el tema:<\/strong> Este cuadro utiliza los principales colores primarios de la rueda de colores. F\u00edjate en los azules, rojos y amarillos fuertes que destacan en comparaci\u00f3n con los tonos de piel m\u00e1s p\u00e1lidos y oscuros y los blancos.<\/li><li><strong>Breve descripci\u00f3n:<\/strong> El cuadro representa al joven general romano Germ\u00e1nico en su lecho de muerte, tras ser envenenado por el emperador Tiberio. La escena muestra a Germ\u00e1nico pidiendo a sus amigos que le venguen, mientras su esposa se lamenta. Es una representaci\u00f3n del hero\u00edsmo y la dignidad.<\/li><li><strong>Ubicaci\u00f3n y dimensi\u00f3n europea:<\/strong> El cuadro se encuentra en el Instituto de Arte de Minneapolis, Minneapolis, MN, Estados Unidos. Es el primer cuadro de historia importante de Nicolas Poussin que representa una escena de muerte. La composici\u00f3n, con figuras api\u00f1adas cerca del frente, se basa en los relieves de sarc\u00f3fagos romanos. Poussin pas\u00f3 mucho tiempo en Roma, donde desarroll\u00f3 un estilo cl\u00e1sico que influy\u00f3 fuertemente en el arte italiano y franc\u00e9s posterior.<\/li><li><strong>Posible explotaci\u00f3n educativa:<\/strong> <strong>La muerte de Germ\u00e1nico<\/strong> es un cuadro bastante antiguo; data de 1627. Puede ser interesante entonces ver si los colores, especialmente los azules, ten\u00edan alg\u00fan significado especial en la representaci\u00f3n del cuadro. \u00bfLos diferentes colores representan a los diferentes ej\u00e9rcitos? Puedes presentar el significado del azul a los alumnos para que comprendan mejor la estructura de poder en el cuadro.<\/li><\/ul>\n<h2 class=\"wp-block-heading\">Obra de arte #2. La l\u00ednea verde, Henri Matisse, 1905 <\/h2>\n\n<h2 class=\"wp-block-heading\">\u00a0<\/h2>\n\n<figure class=\"wp-block-image size-full\"><img loading=\"lazy\" decoding=\"async\" width=\"855\" height=\"1024\" src=\"https:\/\/team-of-art.eu\/wp-content\/uploads\/2022\/07\/image17bis.jpeg\" alt=\"\" class=\"wp-image-4217\" srcset=\"https:\/\/team-of-art.eu\/wp-content\/uploads\/2022\/07\/image17bis.jpeg 855w, https:\/\/team-of-art.eu\/wp-content\/uploads\/2022\/07\/image17bis-480x575.jpeg 480w\" sizes=\"(min-width: 0px) and (max-width: 480px) 480px, (min-width: 481px) 855px, 100vw\" \/><figcaption>(author: Jean Louis Mazieres; license: CC BY-NC-SA 2.0; source: <a href=\"https:\/\/www.flickr.com\/photos\/mazanto\/44479515012\">Flickr<\/a>)<\/figcaption><\/figure>\n<ul class=\"wp-block-list\"><li><strong>Su posici\u00f3n-relaci\u00f3n con el tema:<\/strong> Este cuadro muestra el uso de los colores complementarios (rojo y verde) en la rueda de colores.<\/li><li><strong>Breve descripci\u00f3n:<\/strong> El cuadro es un retrato de la esposa de Matisse, Am\u00e9lie Noellie Matisse-Parayre. Es una pintura al \u00f3leo sobre lienzo, y recibi\u00f3 el nombre de la Franja Verde por la l\u00ednea que divide su rostro en dos. Matisse pretend\u00eda crear una sensaci\u00f3n de luz, sombra y volumen sin utilizar el sombreado tradicional.<\/li><li><strong>Ubicaci\u00f3n y dimensi\u00f3n europea:<\/strong> La pintura de Henri Matisse fue impactante en su momento, ya que romp\u00eda las convenciones. Obras como la suya marcaron el inicio de un movimiento llamado \u00abLes Fauves\u00bb (las fieras). El fauvismo hac\u00eda hincapi\u00e9 en los colores fuertes por encima de los valores realistas. El cuadro se encuentra en Copenhague, en el Statens Museum for Kunst.<\/li><li><strong>Posible explotaci\u00f3n educativa:<\/strong> Los colores ten\u00edan una importancia primordial para los fauves. Explora con tus alumnos c\u00f3mo utilizaban los colores para separarse de los estilos m\u00e1s tradicionales de sus antecesores, los impresionistas.<\/li><\/ul>\n<h2 class=\"wp-block-heading\">Obra de arte #3 Impresi\u00f3n, sol naciente, de Claude Monet, 1872<\/h2>\n\n<figure class=\"wp-block-image size-full\"><img loading=\"lazy\" decoding=\"async\" width=\"972\" height=\"757\" src=\"https:\/\/team-of-art.eu\/wp-content\/uploads\/2022\/07\/image6.jpeg\" alt=\"\" class=\"wp-image-4168\" srcset=\"https:\/\/team-of-art.eu\/wp-content\/uploads\/2022\/07\/image6.jpeg 972w, https:\/\/team-of-art.eu\/wp-content\/uploads\/2022\/07\/image6-480x374.jpeg 480w\" sizes=\"(min-width: 0px) and (max-width: 480px) 480px, (min-width: 481px) 972px, 100vw\" \/><figcaption>(\u00a9 Public domain; source: <a href=\"https:\/\/commons.wikimedia.org\/wiki\/File:Claude_Monet,_Impression,_soleil_levant.jpg\">Wikipedia<\/a>)<\/figcaption><\/figure>\n<ul class=\"wp-block-list\"><li><strong>Su posici\u00f3n-relaci\u00f3n con el tema:<\/strong> El cuadro de Monet utiliza los colores complementarios azul y naranja para mostrar su paisaje. Tambi\u00e9n utiliza interesantes t\u00e9cnicas de bordes suaves y perspectiva a\u00e9rea para crear profundidad.<\/li><li><strong>Breve descripci\u00f3n: Impresi\u00f3n, sol naciente<\/strong>, fue creada a partir de una escena en el puerto de Le Havre. Monet representa una niebla, que proporciona un fondo brumoso a la pieza ambientada en el puerto franc\u00e9s. Las tonalidades anaranjadas y amarillas contrastan bien con los barcos oscuros, en los que apenas se ven detalles para el p\u00fablico.<\/li><li><strong>Ubicaci\u00f3n y dimensi\u00f3n europea:<\/strong> El cuadro <strong>Impresi\u00f3n, sol naciente<\/strong> se expuso por primera vez en una muestra que se convertir\u00eda en la \u00abExposici\u00f3n de los Impresionistas\u00bb. Originalmente, el t\u00e9rmino impresionista se utilizaba de forma despectiva, pero Monet y sus compa\u00f1eros adoptaron el t\u00e9rmino como nombre de bandera del movimiento. El cuadro se encuentra actualmente en el Museo Marmottan Monet de Par\u00eds.<\/li><li><strong>Posible explotaci\u00f3n educativa:<\/strong> El cuadro de arriba es una pintura de gran importancia hist\u00f3rica. Se considera la primera representaci\u00f3n de un estilo pict\u00f3rico \u00abimpresionista\u00bb; el nombre del movimiento se bas\u00f3 en \u00e9l. Los alumnos pueden estudiar c\u00f3mo se recibi\u00f3 el cuadro y c\u00f3mo inspir\u00f3 a los artistas a adoptar t\u00e9cnicas pict\u00f3ricas similares.<\/li><\/ul>\n<h2 class=\"wp-block-heading\">Obra de arte #4 La mujer de pelo amarillo (Femme aux cheveux jaunes), Pablo Picasso, 1931 <\/h2>\n\n<p><em>This artwork is under a copyright, owned by \u00a9The Estate of Pablo Picasso \/ Artists Rights Society (ARS), New York, and therefore cannot be used in this dossier. The original artwork can be seen in the <a href=\"https:\/\/www.guggenheim.org\/artwork\/3445\">Guggenheim Museum <\/a>in New York, USA.<\/em><\/p>\n\n<ul class=\"wp-block-list\"><li><strong>Su posici\u00f3n-relaci\u00f3n con el tema:<\/strong> Este cuadro es una representaci\u00f3n de los colores complementarios p\u00farpura y amarillo, as\u00ed como del verde y el rojo.<\/li><li><strong>Breve descripci\u00f3n:<\/strong> Este cuadro de Picasso representa un retrato de su amante secreta Marie-Th\u00e9r\u00e8se Walter. Era rubia y fue la musa de Picasso durante muchos a\u00f1os.<\/li><li><strong>Ubicaci\u00f3n y dimensi\u00f3n europea:<\/strong> El estilo de Picasso cambi\u00f3 en los a\u00f1os 1925-30, desde el final del cubismo, el arte de Picasso evolucion\u00f3 hacia un estilo m\u00e1s sensual y biom\u00f3rfico que alcanz\u00f3 su m\u00e1xima expresi\u00f3n en el cuadro de su amante. Con este cuadro quiso representar su cuerpo voluptuoso y sus mechones. La forma en que model\u00f3 su rostro tambi\u00e9n se convirti\u00f3 en una firma de sus obras posteriores, apareciendo en esculturas, grabados y m\u00e1s<\/li><\/ul>\n<p>El cuadro se expone ahora en el Museo Solomon R. Guggenheim de Nueva York, EE. UU<\/p>\n\n<ul class=\"wp-block-list\"><li><strong>Posible explotaci\u00f3n educativa:<\/strong> La fase anterior de Picasso fue la conocida fase del cubismo. Los alumnos podr\u00e1n descubrir las marcadas diferencias entre los colores y la forma recta y casi severa que utilizaba anteriormente en comparaci\u00f3n con la forma corporal, suave y redondeada que inspira el cuadro de arriba.<\/li><\/ul>\n<h2 class=\"wp-block-heading\">Obra de arte #5 Los Olivos, Vincent Van Gogh, 1889 <\/h2>\n\n<figure class=\"wp-block-image size-large\"><img loading=\"lazy\" decoding=\"async\" width=\"1024\" height=\"815\" src=\"https:\/\/team-of-art.eu\/wp-content\/uploads\/2022\/07\/image21-1024x815.jpeg\" alt=\"\" class=\"wp-image-4230\" srcset=\"https:\/\/team-of-art.eu\/wp-content\/uploads\/2022\/07\/image21-1024x815.jpeg 1024w, https:\/\/team-of-art.eu\/wp-content\/uploads\/2022\/07\/image21-980x780.jpeg 980w, https:\/\/team-of-art.eu\/wp-content\/uploads\/2022\/07\/image21-480x382.jpeg 480w\" sizes=\"(min-width: 0px) and (max-width: 480px) 480px, (min-width: 481px) and (max-width: 980px) 980px, (min-width: 981px) 1024px, 100vw\" \/><figcaption>(\u00a9 Public domain; source: <a href=\"https:\/\/commons.wikimedia.org\/wiki\/File:Van_Gogh_The_Olive_Trees..jpg\">Wikipedia<\/a>)<\/figcaption><\/figure>\n<ul class=\"wp-block-list\"><li><strong>Su posici\u00f3n-relaci\u00f3n con el tema:<\/strong> Este cuadro utiliza la t\u00e9cnica de los colores an\u00e1logos (azules, verdes, etc.), situados uno al lado del otro en la rueda de colores.<\/li><li><strong>Breve descripci\u00f3n:<\/strong> El cuadro representa campos de olivos en la regi\u00f3n de Saint-Remy, en el sur de Francia. Para Van Gogh, tienen un significado especial, ya que representan la vida, lo divino y el ciclo de la vida.<\/li><li><strong>Ubicaci\u00f3n y dimensi\u00f3n europea:<\/strong> Antes de la serie de los Olivos, la obra de Van Gogh era m\u00e1s apagada y oscura. Tras conocer a artistas como Degas y Seurat, que eran finos t\u00e9cnicos del color, el propio Van Gogh empez\u00f3 a abrumar su pintura con colores, hasta el punto de llamarla a veces \u00abexpresionismo\u00bb.<\/li><\/ul>\n<p>El cuadro se expone ahora en el Museo de Arte Moderno de Nueva York, Estados Unidos<\/p>\n\n<ul class=\"wp-block-list\"><li><strong>Posible explotaci\u00f3n educativa:<\/strong> El cuadro se expone ahora en el Museo de Arte Moderno de Nueva York, EE.UU. Hay al menos 15 cuadros de olivos realizados por Van Gogh en este periodo. Los alumnos pueden explorar algunos de los m\u00e1s famosos, descubrir c\u00f3mo su estancia en un asilo franc\u00e9s molde\u00f3 su estilo y aprender sus t\u00e9cnicas \u00fanicas.<\/li><\/ul>\n<h2 class=\"wp-block-heading\">Obra de arte #6 La joven de la perla, Johannes Vermeer, 1665<\/h2>\n\n<figure class=\"wp-block-image size-full\"><img loading=\"lazy\" decoding=\"async\" width=\"689\" height=\"807\" src=\"https:\/\/team-of-art.eu\/wp-content\/uploads\/2022\/07\/image23.jpeg\" alt=\"\" class=\"wp-image-4242\" srcset=\"https:\/\/team-of-art.eu\/wp-content\/uploads\/2022\/07\/image23.jpeg 689w, https:\/\/team-of-art.eu\/wp-content\/uploads\/2022\/07\/image23-480x562.jpeg 480w\" sizes=\"(min-width: 0px) and (max-width: 480px) 480px, (min-width: 481px) 689px, 100vw\" \/><figcaption>(\u00a9 Public domain; source: <a href=\"https:\/\/commons.wikimedia.org\/wiki\/File:1665_Girl_with_a_Pearl_Earring.jpg\">Wikipedia<\/a>)<\/figcaption><\/figure>\n<ul class=\"wp-block-list\"><li><strong>Su posici\u00f3n-relaci\u00f3n con el tema:<\/strong> La joven de la perla es una obra maestra de color, profundidad e intimidad. Con el uso de un fondo oscuro, el sujeto destaca claramente, mientras que el uso de colores m\u00e1s claros para su rostro contrasta con el tono m\u00e1s oscuro del resto del sujeto. El rojo, un color c\u00e1lido, se utiliza s\u00f3lo en sus labios, lo que atrae a\u00fan m\u00e1s la atenci\u00f3n hacia su rostro y su mirada misteriosa.<\/li><li><strong>Breve descripci\u00f3n:<\/strong> El cuadro de Vermeer es un <em>tronie<\/em> (un estudio de car\u00e1cter y no un retrato estricto) de una joven. No sabemos qui\u00e9n es la chica, pero le ha dado un aspecto \u00abex\u00f3tico\u00bb con el uso de un pa\u00f1uelo en la cabeza, un art\u00edculo de moda que no se usaba a menudo en los Pa\u00edses Bajos en esa \u00e9poca.<\/li><li><strong>Ubicaci\u00f3n y dimensi\u00f3n europea:<\/strong> La obra se ha estudiado ampliamente a lo largo de los a\u00f1os. En 1994 se descubri\u00f3 que el fondo era originalmente de color verde vidriado oscuro y no negro. En 2018, aunque muchos asumieron que la chica era una ficci\u00f3n de la imaginaci\u00f3n, el estudio demostr\u00f3 que estaba pintando a una persona real. La chica del pendiente de perla tambi\u00e9n ha influido en muchas representaciones culturales, desde pel\u00edculas hasta arte callejero.<\/li><\/ul>\n<figure class=\"wp-block-image size-large\"><img loading=\"lazy\" decoding=\"async\" width=\"670\" height=\"1024\" src=\"https:\/\/team-of-art.eu\/wp-content\/uploads\/2022\/07\/image24bis-670x1024.jpeg\" alt=\"\" class=\"wp-image-4248\"\/><figcaption>Banksy, 2014 (author: Mojo0306; license: CC-BY-4.0; source: <a href=\"https:\/\/commons.wikimedia.org\/wiki\/File:The_Girl_with_the_Pierced_Eardrum.jpg\">Wikipedia<\/a>)<\/figcaption><\/figure>\n<p>La obra se expone en la Mauritshuis, La Haya, Pa\u00edses Bajos. <\/p>\n\n<ul class=\"wp-block-list\"><li>Posible explotaci\u00f3n educativa: Vermeer ten\u00eda un estilo \u00fanico, ya que no produc\u00eda gran cantidad de cuadros. Se puede comparar este <em>tronie<\/em> con su pintura m\u00e1s de estilo de vida y de g\u00e9nero, para entender su panel art\u00edstico completo.<\/li><\/ul>\n<h2 class=\"wp-block-heading\">Obra de arte #7 El declive del imperio cartagin\u00e9s, J.M.W Turner, 1817<\/h2>\n\n<figure class=\"wp-block-image size-large\"><img loading=\"lazy\" decoding=\"async\" width=\"1024\" height=\"727\" src=\"https:\/\/team-of-art.eu\/wp-content\/uploads\/2022\/07\/image25-1024x727.jpeg\" alt=\"\" class=\"wp-image-4254\" srcset=\"https:\/\/team-of-art.eu\/wp-content\/uploads\/2022\/07\/image25-980x696.jpeg 980w, https:\/\/team-of-art.eu\/wp-content\/uploads\/2022\/07\/image25-480x341.jpeg 480w\" sizes=\"(min-width: 0px) and (max-width: 480px) 480px, (min-width: 481px) and (max-width: 980px) 980px, (min-width: 981px) 1024px, 100vw\" \/><figcaption>(\u00a9 Public domain; source: <a href=\"https:\/\/commons.wikimedia.org\/wiki\/File:Joseph_Mallord_William_Turner_-_The_Decline_of_the_Carthaginian_Empire_-_WGA23169.jpg\">Wikipedia<\/a>)<\/figcaption><\/figure>\n<ul class=\"wp-block-list\"><li><strong>Su posici\u00f3n-relaci\u00f3n con el tema:<\/strong> El uso de colores c\u00e1lidos para crear la impresi\u00f3n de puesta de sol es muy delicado. Adem\u00e1s, el uso de colores m\u00e1s fr\u00edos que disminuyen el tono desde las esquinas hasta los exteriores ayuda a crear esta sensaci\u00f3n. La ciudad est\u00e1 en tonos anaranjados, que son complementarios con el azul. La t\u00e9cnica de utilizar colores m\u00e1s oscuros en el primer plano y m\u00e1s brillantes en el fondo tambi\u00e9n refuerza la sensaci\u00f3n de profundidad.<\/li><li><strong>Breve descripci\u00f3n:<\/strong> Este cuadro representa la decadencia del imperio norteafricano, Cartago, que fue el m\u00e1s poderoso antes del ascenso de la antigua Roma. La decadencia est\u00e1 simbolizada por el sol poniente, que Turner consideraba inevitable.<\/li><li><strong>Ubicaci\u00f3n y dimensi\u00f3n europea:<\/strong> J.M.W. Turner fue, probablemente, uno de los pintores brit\u00e1nicos m\u00e1s prol\u00edficos de su tiempo. Su uso de los colores, la luz y la atm\u00f3sfera es bien conocido. Para esta obra, Turner utiliz\u00f3 t\u00e9cnicas de los \u00abviejos maestros\u00bb, especialmente de uno, Claude Lorrain. Le gustaba tanto la obra de Claude Lorrain que pidi\u00f3 que el cuadro se colgara cerca de algunas obras de sus compa\u00f1eros despu\u00e9s de su muerte.<\/li><\/ul>\n<p>El cuadro se encuentra ahora en el Museo Tate de Londres, Reino Unido. <\/p>\n\n<ul class=\"wp-block-list\"><li><strong>Posible explotaci\u00f3n educativa:<\/strong> Los alumnos pueden explorar c\u00f3mo Turner utiliz\u00f3 tonos m\u00e1s apagados, m\u00e1s claros y m\u00e1s suaves para crear una hermosa sensaci\u00f3n de profundidad en el fondo mientras el sol se pone. Para ello utiliz\u00f3 diferentes t\u00e9cnicas, como el contraste de colores, la intensidad crom\u00e1tica y la relaci\u00f3n de los bordes.&#13;\n&#13;\n\u00a0<\/li><\/ul>\n<h2 class=\"wp-block-heading\">Obra de arte #8 El Puente de Charing Cross, Andre Derain, 1906<\/h2>\n\n<ul class=\"wp-block-list\"><li><strong>Su posici\u00f3n-relaci\u00f3n con el tema:<\/strong> Este cuadro utiliza unos colores muy saturados, as\u00ed como t\u00e9cnicas de colores complementarios.<\/li><li><strong>Breve descripci\u00f3n:<\/strong> Andre Derain pint\u00f3 el \u00abPuente de Charing Cross\u00bb, un famoso puente de Londres, Inglaterra, en invierno. El cuadro muestra el r\u00edo T\u00e1mesis, as\u00ed como la cervecer\u00eda Lion&#8217;s Brewery (a la izquierda).<\/li><li><strong>Ubicaci\u00f3n y dimensi\u00f3n europea:<\/strong> Derain fue una figura clave del movimiento fauvista, que utilizaba colores fuertes e im\u00e1genes muy saturadas como su firma clave (adem\u00e1s de los trazos audaces). Los cuadros fauvistas eran imaginativos y atrevidos. No utilizaban los est\u00e1ndares de los artistas t\u00edpicos.<\/li><\/ul>\n<p>Ahora se expone en la Galer\u00eda Nacional de Arte de Washington, Estados Unidos. <\/p>\n\n<ul class=\"wp-block-list\"><li><strong>Posible explotaci\u00f3n educativa:<\/strong> El cuadro de arriba pertenece al movimiento fauvista. Los alumnos pueden descrubrir c\u00f3mo el tama\u00f1o y la forma de las pinceladas afectan a la forma en que vemos y nos centramos en aspectos concretos del cuadro.<\/li><\/ul>\n<h2 class=\"wp-block-heading\">Obra de arte #9 Terraza de caf\u00e9 por la noche, Vincent van Gogh, 1888<\/h2>\n\n<figure class=\"wp-block-image size-large\"><img loading=\"lazy\" decoding=\"async\" width=\"780\" height=\"1024\" src=\"https:\/\/team-of-art.eu\/wp-content\/uploads\/2022\/07\/image27-780x1024.jpeg\" alt=\"\" class=\"wp-image-4260\" srcset=\"https:\/\/team-of-art.eu\/wp-content\/uploads\/2022\/07\/image27-780x1024.jpeg 780w, https:\/\/team-of-art.eu\/wp-content\/uploads\/2022\/07\/image27-480x630.jpeg 480w\" sizes=\"(min-width: 0px) and (max-width: 480px) 480px, (min-width: 481px) 780px, 100vw\" \/><figcaption>(\u00a9 Public domain; source: <a href=\"https:\/\/commons.wikimedia.org\/wiki\/File:Vincent_Willem_van_Gogh_-_Cafe_Terrace_at_Night_(Yorck).jpg\">Wikipedia<\/a>)<\/figcaption><\/figure>\n<ul class=\"wp-block-list\"><li><strong>Su posici\u00f3n-relaci\u00f3n con el tema:<\/strong> Este cuadro es una firma clave de Van Gogh y su uso de los colores. Utiliza un fuerte contraste (oscuro en el fondo, m\u00e1s claro en el primer plano) y tambi\u00e9n colores complementarios (cielo azul y caf\u00e9 amarillo), lo que crea un sentido de la perspectiva, la l\u00ednea, la profundidad y la composici\u00f3n bastante \u00fanico.<\/li><li><strong>Breve descripci\u00f3n:<\/strong> El cuadro es una obra pintoresca. Da la impresi\u00f3n de estar recorriendo una calle del sur de Francia por la noche, mientras se pasea junto a los caf\u00e9s y la gente que descansa. El caf\u00e9 es real, est\u00e1 situado en Arles. Cuando cre\u00f3 esta obra, Van Gogh dijo: \u00abLa noche es m\u00e1s viva y m\u00e1s rica en colores que el d\u00eda\u00bb.<\/li><li><strong>Ubicaci\u00f3n y dimensi\u00f3n europea:<\/strong> En este cuadro, van Gogh utiliz\u00f3 por primera vez sus caracter\u00edsticos \u00abremolinos azules y amarillos\u00bb para pintar un cielo nocturno y estrellado. Para representar la noche, no utiliz\u00f3 ni un solo toque de negro, sino que emple\u00f3 una amplia gama de sus colores.<\/li><\/ul>\n<p>Ahora se expone en el Museo Kr\u00f6ller-M\u00fcller de los Pa\u00edses Bajos<\/p>\n\n<ul class=\"wp-block-list\"><li><strong>Posible explotaci\u00f3n educativa:<\/strong> Los alumnos pueden explorar c\u00f3mo se cre\u00f3 la luz utilizando tonos m\u00e1s c\u00e1lidos, a la vez que se crea profundidad con colores m\u00e1s oscuros e intensos. Tambi\u00e9n pueden aprovechar este momento para explorar el cielo e introducir la pintura en uno m\u00e1s famoso: La noche estrellada.<\/li><\/ul>\n<h2 class=\"wp-block-heading\">Obra de arte #10 El Viejo guitarrista ciego, Pablo Picasso, 1903<\/h2>\n\n<p><em>This artwork is under a copyright and therefore cannot be used in this dossier. The original artwork can be seen in the <a href=\"https:\/\/www.artic.edu\/artworks\/28067\/the-old-guitarist\">Art Institute of Chicago<\/a> in Chicago, USA.<\/em><\/p>\n\n<ul class=\"wp-block-list\"><li><strong>Su posici\u00f3n-relaci\u00f3n con el tema:<\/strong> Este cuadro es una buena representaci\u00f3n de una pintura monocrom\u00e1tica (t\u00e9cnica en la que las im\u00e1genes se componen de un solo color o valor), con un \u00fanico tono m\u00e1s claro. Su pintura parec\u00eda reflejar su experiencia de relativa pobreza e inestabilidad, representando a mendigos, vagabundos, ancianos y fr\u00e1giles y ciegos. Esta t\u00e9cnica monocrom\u00e1tica crea un estilo muy plano y 2D en la pintura. Da una sensaci\u00f3n de melancol\u00eda, tristeza y tragedia.<\/li><li><strong>Breve descripci\u00f3n:<\/strong> El cuadro representa a un anciano, en las calles de Barcelona (Espa\u00f1a), con ropas bastas y un comportamiento pobre. Parece estar entre la vida y la muerte. La guitarra, foco central del cuadro por su tono m\u00e1s brillante, viene a representar el mundo del guitarrista y su \u00fanica esperanza de supervivencia.<\/li><li><strong>Ubicaci\u00f3n y dimensi\u00f3n europea:<\/strong> El per\u00edodo azul de Picasso es uno de los m\u00e1s famosos en relaci\u00f3n a sus obras de arte. Tambi\u00e9n es una perfecta representaci\u00f3n del significado de los colores. De hecho, Picasso, tras enterarse de la muerte de un amigo cercano, entr\u00f3 en una fase de depresi\u00f3n, que le llev\u00f3 a su periodo azul. Como se menciona en este dossier, el azul suele ser un color asociado a la tristeza.<\/li><\/ul>\n<p>El cuadro se expone ahora en el Instituto de Arte de Chicago (Estados Unidos). <\/p>\n\n<ul class=\"wp-block-list\"><li><strong>Posible explotaci\u00f3n educativa:<\/strong> Picasso atraves\u00f3 muchos periodos y diferentes fases en su carrera. Los alumnos pueden utilizar este cuadro para explorar su periodo azul, y compararlo con otro (rosa, cubismo, etc.). Pueden encontrar temas comunes en ambos estilos y explorar las diferencias.<\/li><\/ul>\n<h2 class=\"wp-block-heading\"><strong>\u00a1Echa un vistazo a las obras de arte en un solo <\/strong><a href=\"https:\/\/www.google.com\/maps\/d\/u\/0\/edit?mid=1slCSm27FORDYQKL8gWnuIa1VHnJiSfCa&amp;usp=sharing\"><strong>mapa<\/strong><\/a><strong>! <\/strong><\/h2>\n\n<figure class=\"wp-block-image size-large\"><img loading=\"lazy\" decoding=\"async\" width=\"1024\" height=\"459\" src=\"https:\/\/team-of-art.eu\/wp-content\/uploads\/2022\/07\/image29-1024x459.png\" alt=\"\" class=\"wp-image-4272\" srcset=\"https:\/\/team-of-art.eu\/wp-content\/uploads\/2022\/07\/image29-980x439.png 980w, https:\/\/team-of-art.eu\/wp-content\/uploads\/2022\/07\/image29-480x215.png 480w\" sizes=\"(min-width: 0px) and (max-width: 480px) 480px, (min-width: 481px) and (max-width: 980px) 980px, (min-width: 981px) 1024px, 100vw\" \/><\/figure>\n<h1 class=\"wp-block-heading\">Actividades pr\u00e1cticas <\/h1>\n\n<h2 class=\"wp-block-heading\">Actividad 1<\/h2>\n\n<p>Nombre de la actividad 1<\/p>\n\n<p>Dib\u00fajame un oc\u00e9ano<\/p>\n\n<p><strong>Objetivos<\/strong><\/p>\n\n<p>Comprender el papel de los colores en la creaci\u00f3n de profundidad mediante el uso de colores. <\/p>\n\n<p><strong>Materiales<\/strong><\/p>\n\n<ul class=\"wp-block-list\"><li>Pinceles<\/li><li>Elecci\u00f3n de pinturas (acr\u00edlicos, acuarelas, \u00f3leos, etc.) <\/li><li>Una paleta<\/li><\/ul>\n<p>Si no se dispone de materiales de pintura, los alumnos pueden utilizar tambi\u00e9n l\u00e1pices de colores. <\/p>\n\n<ul class=\"wp-block-list\"><li>Una copia impresa de este paisaje:<\/li><\/ul>\n<figure class=\"wp-block-image size-large\"><img loading=\"lazy\" decoding=\"async\" width=\"1024\" height=\"768\" src=\"https:\/\/team-of-art.eu\/wp-content\/uploads\/2022\/07\/image30-1024x768.jpeg\" alt=\"\" class=\"wp-image-4278\" srcset=\"https:\/\/team-of-art.eu\/wp-content\/uploads\/2022\/07\/image30-980x735.jpeg 980w, https:\/\/team-of-art.eu\/wp-content\/uploads\/2022\/07\/image30-480x360.jpeg 480w\" sizes=\"(min-width: 0px) and (max-width: 480px) 480px, (min-width: 481px) and (max-width: 980px) 980px, (min-width: 981px) 1024px, 100vw\" \/><\/figure>\n<p><a href=\"https:\/\/concepts.app\/s\/275fe211-8642-4d78-b57c-1e812d2906f4\">Gallery &amp; Templates \u2022 Concepts App \u2022 Infinite, Flexible sketching<\/a><\/p>\n\n<p><strong>Fase preparatoria para los educadores\/mediadores<\/strong><\/p>\n\n<p>Explica a tus alumnos el contenido de este dossier pedag\u00f3gico y c\u00f3mo se pueden utilizar los colores para crear profundidad. <\/p>\n\n<p>Pres\u00e9ntales el papel de los colores c\u00e1lidos y fr\u00edos, as\u00ed como los tonos espec\u00edficos que pueden utilizar. <\/p>\n\n<p>Recu\u00e9rdales que la perspectiva del color establece que los tonos m\u00e1s c\u00e1lidos de amarillos y verdes se desvanecen en la atm\u00f3sfera azul de la distancia. <\/p>\n\n<figure class=\"wp-block-image size-full\"><img loading=\"lazy\" decoding=\"async\" width=\"700\" height=\"493\" src=\"https:\/\/team-of-art.eu\/wp-content\/uploads\/2022\/07\/image31.jpeg\" alt=\"\" class=\"wp-image-4285\" srcset=\"https:\/\/team-of-art.eu\/wp-content\/uploads\/2022\/07\/image31.jpeg 700w, https:\/\/team-of-art.eu\/wp-content\/uploads\/2022\/07\/image31-480x338.jpeg 480w\" sizes=\"(min-width: 0px) and (max-width: 480px) 480px, (min-width: 481px) 700px, 100vw\" \/><\/figure>\n<p><strong>Desarrollo<\/strong><\/p>\n\n<p>Empieza por explicar a tus alumnos que tendr\u00e1n que crear profundidad y perspectiva atmosf\u00e9rica utilizando los colores. No les muestres enseguida la imagen del paisaje y la puesta de sol. <\/p>\n\n<p>Empieza por trabajar con una paleta. Puedes darles unos cuantos colores para que elijan (azul, amarillo, rojo) y creen sus propios tonos de colores utilizando los colores primarios, o bien preparar ya con ellos una paleta de colores m\u00e1s completa. Esto depender\u00e1 de sus niveles y habilidades. <\/p>\n\n<p>A continuaci\u00f3n, introduce los diferentes tipos de sombreado que pueden realizarse. Utiliza colores m\u00e1s oscuros para la roca de delante y colores m\u00e1s claros y difuminados para el fondo. De nuevo, hazlo en funci\u00f3n del nivel de tus alumnos.  <\/p>\n\n<p>A continuaci\u00f3n, p\u00eddeles que coloreen el paisaje utilizando colores c\u00e1lidos en el borde m\u00e1s cercano, y colores fr\u00edos cerca de la l\u00ednea horizontal. <\/p>\n\n<p><strong>Fichas o l\u00e1minas pr\u00e1cticas<\/strong><\/p>\n\n<p>Encontrar\u00e1s la plantilla apaisada aqu\u00ed.<\/p>\n\n<h2 class=\"wp-block-heading\">Actividad 2 <\/h2>\n\n<p><strong>Nombre de la actividad<\/strong><\/p>\n\n<p>B\u00fasqueda del tesoro<\/p>\n\n<p><strong>Objetivos<\/strong><\/p>\n\n<p>Ayudar a los alumnos a investigar y encontrar la pintura utilizando sus conocimientos de la teor\u00eda del color. <\/p>\n\n<p><strong>Materiales:<\/strong><\/p>\n\n<ul class=\"wp-block-list\"><li>Acceso a Internet <\/li><li>Un ordenador, un smartphone o una tablet<\/li><li>El Equipo de la Galer\u00eda de Arte <\/li><li>Un proyecto<\/li><\/ul>\n<p><strong>Fase preparatoria para los educadores\/mediadores<\/strong><\/p>\n\n<p>Este ejercicio pretende desarrollar las habilidades de pensamiento cr\u00edtico del alumno en relaci\u00f3n con los colores, y la profundidad. Los educadores deben prepararse para diversas opiniones y para dirigir un debate. No hay preparaci\u00f3n f\u00edsica.<\/p>\n\n<p><strong>Desarrollo<\/strong><\/p>\n\n<p>Escoge una serie de cuadros de la Galer\u00eda que tengan colores fuertes y sensaci\u00f3n de profundidad. Dependiendo del tama\u00f1o de tu aula, puedes elegir entre 8 y 10.  <\/p>\n\n<p>Proy\u00e9ctalos en la pizarra si puedes o pide a los alumnos que accedan a ellos en su propio ordenador. Divide tu clase en grupos de 2 o 3, para permitir la colaboraci\u00f3n. <\/p>\n\n<p>A continuaci\u00f3n, p\u00eddeles que identifiquen alg\u00fan componente de estos cuadros: <\/p>\n\n<ul class=\"wp-block-list\"><li>\u00bfPuedes identificar las t\u00e9cnicas utilizadas para crear ilusiones \u00f3pticas de profundidad y luz?<\/li><li>\u00bfQu\u00e9 cuadros tienen los ajustes m\u00e1s sutiles entre las sombras?<\/li><li>\u00bfQu\u00e9 cuadros tienen un mayor contraste?<\/li><li>\u00bfC\u00f3mo describes el efecto que produce cada imagen en tu ojo? <\/li><\/ul>\n<p>A continuaci\u00f3n, abra el debate a todo el grupo. \u00bfQu\u00e9 alumnos tuvieron respuestas similares? \u00bfFueron las respuestas un\u00e1nimes dentro del grupo? \u00bfQui\u00e9nes tuvieron opiniones divergentes? <\/p>\n\n<p>Una vez terminada la conversaci\u00f3n, abre el ejercicio tambi\u00e9n a las galer\u00edas externas. Puedes encontrar enlaces a diferentes recursos en la p\u00e1gina web del Equipo de Arte. <\/p>\n\n<p>Pide a tus alumnos, todav\u00eda en grupos, que busquen diferentes im\u00e1genes: <\/p>\n\n<ul class=\"wp-block-list\"><li>Un cuadro de alto contraste.<\/li><li>Una pintura de bajo contraste.<\/li><li>Una imagen de un cuadro con colores de valores muy contrastados.<\/li><li>Una imagen de un cuadro con colores de valor similar.<\/li><li>Una pintura en la que el nivel de contraste de valores afecta al estado de \u00e1nimo de la imagen.<\/li><li>Un cuadro en el que el contraste de valores crea textura.<\/li><li>Una pintura en la que el contraste de valores enfatiza el enfoque de la imagen.<\/li><li>\u2026\u00a0<\/li><\/ul>\n<p>Por \u00faltimo, en funci\u00f3n del nivel de los alumnos, puedes crear un taller de an\u00e1lisis. Utilizando preguntas de an\u00e1lisis de arte como las que aparecen aqu\u00ed: \u2018<a href=\"https:\/\/sites.google.com\/a\/hbuhsd.edu\/ib-art\/analyzing-artwork\">Analysis Artwork\u2019<\/a>, elige uno o dos cuadros de gran importancia y significado para analizar la obra de arte.<\/p>\n\n<p><strong>Fichas o l\u00e1minas pr\u00e1cticas<\/strong><\/p>\n\n<p>Consulta las l\u00e1minas pr\u00e1cticas basadas en:<\/p>\n\n<ul class=\"wp-block-list\"><li>Elementos de an\u00e1lisis del arte <\/li><li>C\u00f3mo buscar arte fuera de los museos y centros culturales<\/li><li>Apreciar y comprender el valor del arte <\/li><li>\u00bfC\u00f3mo utilizar Europeana?<\/li><\/ul>","protected":false},"excerpt":{"rendered":"<p>Introducci\u00f3n En este dossier, presentaremos el papel de los colores en las obras de arte, introduciremos el concepto de teor\u00eda del color y el papel de los colores en la creaci\u00f3n de una sensaci\u00f3n de profundidad y perspectiva. Para ello, en la secci\u00f3n tem\u00e1tica de este dossier, veremos primero los or\u00edgenes de los colores, despu\u00e9s [&hellip;]<\/p>\n","protected":false},"featured_media":0,"template":"","class_list":["post-5913","pedagogical_dossier","type-pedagogical_dossier","status-publish","hentry"],"acf":[],"_links":{"self":[{"href":"https:\/\/team-of-art.eu\/es\/wp-json\/wp\/v2\/pedagogical_dossier\/5913"}],"collection":[{"href":"https:\/\/team-of-art.eu\/es\/wp-json\/wp\/v2\/pedagogical_dossier"}],"about":[{"href":"https:\/\/team-of-art.eu\/es\/wp-json\/wp\/v2\/types\/pedagogical_dossier"}],"wp:attachment":[{"href":"https:\/\/team-of-art.eu\/es\/wp-json\/wp\/v2\/media?parent=5913"}],"curies":[{"name":"wp","href":"https:\/\/api.w.org\/{rel}","templated":true}]}}